{"id":1042,"date":"2018-08-24T11:20:27","date_gmt":"2018-08-24T09:20:27","guid":{"rendered":"https:\/\/mazet-st-voy.com\/?page_id=1042"},"modified":"2023-02-27T20:11:25","modified_gmt":"2023-02-27T19:11:25","slug":"camping","status":"publish","type":"page","link":"https:\/\/mazet-st-voy.com\/?page_id=1042","title":{"rendered":"Le Camping de Surnette"},"content":{"rendered":"<h1><span style=\"text-decoration: underline; color: #db0766;\">LE CAMPING DE SURNETTE<\/span><span style=\"color: #d10d48;\"> &nbsp; &nbsp; <\/span><span style=\"color: #d10d48; font-size: 0.9rem;\">&nbsp; &nbsp;&nbsp;<br \/>\n<\/span><\/h1>\n<p style=\"text-align: justify;\">Notre camping <em>class\u00e9 <\/em><span style=\"color: #db0766;\"><strong>3 \u00e9toiles<\/strong><\/span> est \u00e0 une altitude de 1 000 m propice aux vacances en famille avec de jeunes enfants, dans un lieu paisible <strong>ouvert du mois d\u2019Avril au mois d\u2019Octobre.<\/strong><\/p>\n<p style=\"text-align: justify;\"><strong>Il vous accueille de 7h30 \u00e0 22h00 en toute convivialit\u00e9 dans un \u00e9crin de 2 hectares \u00e0 un kilom\u00e8tre des commerces au centre du village.<\/strong><\/p>\n<p style=\"text-align: justify;\">Emplacements pour tentes, caravanes, chalets, vidange camping-cars, aire de remise en forme et jeux pour enfants ainsi qu\u2019un court de tennis ouvert \u00e0 tous.<\/p>\n<p style=\"text-align: justify;\">Un site id\u00e9al pour se reposer en famille et profiter de l\u2019environnement touristique de qualit\u00e9 dans une nature pr\u00e9serv\u00e9e et un terroir authentique de moyenne montagne.<\/p>\n<ul style=\"text-align: justify;\">\n<li><span style=\"color: #db0766;\"><strong>Tel&nbsp;: 04 71 65 05 69<\/strong><\/span><\/li>\n<li><a href=\"http:\/\/www.campingdesurnette.net\"><span style=\"color: #d60951;\"><strong><span style=\"color: #db0766;\">Site internet<\/span><\/strong><\/span><\/a><\/li>\n<\/ul>\n<p style=\"text-align: justify;\"><\/p>\n","protected":false},"excerpt":{"rendered":"<p>LE CAMPING DE SURNETTE &nbsp; &nbsp; &nbsp; &nbsp;&nbsp; Notre camping class\u00e9 3 \u00e9toiles est \u00e0 une altitude de 1 000 m propice aux vacances en famille avec de jeunes enfants, dans un lieu paisible ouvert du mois d\u2019Avril au mois d\u2019Octobre. Il vous accueille de 7h30 \u00e0 22h00 en toute convivialit\u00e9 dans un \u00e9crin de [&hellip;]<\/p>\n","protected":false},"author":1,"featured_media":0,"parent":0,"menu_order":0,"comment_status":"closed","ping_status":"closed","template":"","meta":{"ngg_post_thumbnail":0,"footnotes":""},"class_list":["post-1042","page","type-page","status-publish","hentry","entry"],"aioseo_notices":[],"jetpack_shortlink":"https:\/\/wp.me\/PadW9w-gO","jetpack_sharing_enabled":true,"jetpack-related-posts":[{"id":1420,"url":"https:\/\/mazet-st-voy.com\/?page_id=1420","url_meta":{"origin":1042,"position":0},"title":"Sport","author":"admin9404","date":"31 ao\u00fbt 2018","format":false,"excerpt":"BOULE LYONNAISE\u00a0 Amicale des Boulistes\u00a0- \u00a0Pr\u00e9sident :\u00a0Thierry COURT - La Scie de Vacheresse - 43520 Le Mazet-St-Voy 5 Jeux de plein air au Bruas La boule amicale - Buvette - Tel : 04 71 65 01 13 Boulodrome intercommunal (Ouvert de Novembre \u00e0 Avril) :\u00a04 jeux couverts, Zone artisanale -\u2026","rel":"","context":"Article similaire","block_context":{"text":"Article similaire","link":""},"img":{"alt_text":"","src":"https:\/\/i0.wp.com\/mazet-st-voy.com\/wp-content\/uploads\/2018\/09\/Boulodrome.png?resize=350%2C200&ssl=1","width":350,"height":200,"srcset":"https:\/\/i0.wp.com\/mazet-st-voy.com\/wp-content\/uploads\/2018\/09\/Boulodrome.png?resize=350%2C200&ssl=1 1x, https:\/\/i0.wp.com\/mazet-st-voy.com\/wp-content\/uploads\/2018\/09\/Boulodrome.png?resize=525%2C300&ssl=1 1.5x, https:\/\/i0.wp.com\/mazet-st-voy.com\/wp-content\/uploads\/2018\/09\/Boulodrome.png?resize=700%2C400&ssl=1 2x, https:\/\/i0.wp.com\/mazet-st-voy.com\/wp-content\/uploads\/2018\/09\/Boulodrome.png?resize=1050%2C600&ssl=1 3x, https:\/\/i0.wp.com\/mazet-st-voy.com\/wp-content\/uploads\/2018\/09\/Boulodrome.png?resize=1400%2C800&ssl=1 4x"},"classes":[]},{"id":8,"url":"https:\/\/mazet-st-voy.com\/?page_id=8","url_meta":{"origin":1042,"position":1},"title":"le Village et son territoire","author":"admin9404","date":"16 ao\u00fbt 2018","format":false,"excerpt":"LE MAZET SAINT-VOY Altitude moyenne\u00a0: 1 000 m - Population\u00a0: 1\u00a0150 habitants \u00a0 \u00a0 \u00a0 \u00a0 \u00a0 \u00a0 \u00a0NOUS \u00a0SITUER Habit\u00e9 d\u00e8s la pr\u00e9histoire comme en t\u00e9moignent divers vestiges (dolmens, menhirs, pierre \u00e0 cuvette, silex de la route de Surnette), son territoire domin\u00e9 par la ligne volcanique bleue du Lizieux\u2026","rel":"","context":"Article similaire","block_context":{"text":"Article similaire","link":""},"img":{"alt_text":"","src":"","width":0,"height":0},"classes":[]},{"id":622,"url":"https:\/\/mazet-st-voy.com\/?page_id=622","url_meta":{"origin":1042,"position":2},"title":"Cr\u00e8che les Pitchounets","author":"admin9404","date":"21 ao\u00fbt 2018","format":false,"excerpt":"\u00a0 CR\u00c8CHE LES PITCHOUNETS Le multi- accueil \u00ab\u00a0Les Pitchounets\u00a0\u00bb est une association \u00e0 gestion parentale. Sous le terme multi accueil, nous regroupons les notions de cr\u00e8che, halte garderie, accueil p\u00e9riscolaire, en accueil r\u00e9gulier ou occasionnel. Une \u00e9quipe pluridisciplinaire accueille chaque jour enfants de 0 \u00e0 la veille de leurs 6\u2026","rel":"","context":"Article similaire","block_context":{"text":"Article similaire","link":""},"img":{"alt_text":"","src":"","width":0,"height":0},"classes":[]},{"id":802,"url":"https:\/\/mazet-st-voy.com\/?page_id=802","url_meta":{"origin":1042,"position":3},"title":"Cantine et Garderie","author":"admin9404","date":"22 ao\u00fbt 2018","format":false,"excerpt":"LA CANTINE DU VILLAGE La cantine du Mazet est install\u00e9e dans la r\u00e9sidence du Lizieux depuis une vingtaine d\u2019ann\u00e9es. elle a un fonctionnement interg\u00e9n\u00e9rationnel c'est-\u00e0-dire que mangent dans la m\u00eame pi\u00e8ce, les enfants de l\u2019\u00e9cole, les personnes \u00e2g\u00e9es de la r\u00e9sidence et certains r\u00e9sidents de l\u2019ESAT, dans une ambiance joyeuse\u2026","rel":"","context":"Article similaire","block_context":{"text":"Article similaire","link":""},"img":{"alt_text":"","src":"","width":0,"height":0},"classes":[]},{"id":620,"url":"https:\/\/mazet-st-voy.com\/?page_id=620","url_meta":{"origin":1042,"position":4},"title":"\u00c9cole Albert Camus","author":"admin9404","date":"21 ao\u00fbt 2018","format":false,"excerpt":"\u00c9COLE ALBERT CAMUS L\u2019\u00e9cole publique du Mazet, vaste et bien \u00e9quip\u00e9e (vid\u00e9o projecteurs, BCD, salle de motricit\u00e9, salle d\u2019art plastique, salle de sieste\u2026), accueille environ 80 enfants dans 4 classes. L\u2019\u00e9quipe de 4 enseignantes est renforc\u00e9e par 2 ATSEM (agents territoriaux des \u00e9coles maternelles) et une EVS (emploi vie scolaire)\u2026","rel":"","context":"Article similaire","block_context":{"text":"Article similaire","link":""},"img":{"alt_text":"","src":"","width":0,"height":0},"classes":[]},{"id":603,"url":"https:\/\/mazet-st-voy.com\/?page_id=603","url_meta":{"origin":1042,"position":5},"title":"Biblioth\u00e8que","author":"admin9404","date":"21 ao\u00fbt 2018","format":false,"excerpt":"LA BIBLIOTH\u00c8QUE :\u00a0 La biblioth\u00e8que du Mazet, situ\u00e9e au dessus de la mairie, est ouverte :\u00a0 mercredi : 14 h - 18 h. jeudi : 10 h - 12 h. vendredi : 15 h - 18 h. samedi : 10 h - 12h. T\u00e9l.\u00a0: 04 71 65 09 10 FOND\u2026","rel":"","context":"Article similaire","block_context":{"text":"Article similaire","link":""},"img":{"alt_text":"","src":"https:\/\/i0.wp.com\/mazet-st-voy.com\/wp-content\/uploads\/2018\/12\/Petites-Histoires-Novembre-2018.jpg?resize=350%2C200&ssl=1","width":350,"height":200,"srcset":"https:\/\/i0.wp.com\/mazet-st-voy.com\/wp-content\/uploads\/2018\/12\/Petites-Histoires-Novembre-2018.jpg?resize=350%2C200&ssl=1 1x, https:\/\/i0.wp.com\/mazet-st-voy.com\/wp-content\/uploads\/2018\/12\/Petites-Histoires-Novembre-2018.jpg?resize=525%2C300&ssl=1 1.5x, https:\/\/i0.wp.com\/mazet-st-voy.com\/wp-content\/uploads\/2018\/12\/Petites-Histoires-Novembre-2018.jpg?resize=700%2C400&ssl=1 2x, https:\/\/i0.wp.com\/mazet-st-voy.com\/wp-content\/uploads\/2018\/12\/Petites-Histoires-Novembre-2018.jpg?resize=1050%2C600&ssl=1 3x, https:\/\/i0.wp.com\/mazet-st-voy.com\/wp-content\/uploads\/2018\/12\/Petites-Histoires-Novembre-2018.jpg?resize=1400%2C800&ssl=1 4x"},"classes":[]}],"_links":{"self":[{"href":"https:\/\/mazet-st-voy.com\/index.php?rest_route=\/wp\/v2\/pages\/1042","targetHints":{"allow":["GET"]}}],"collection":[{"href":"https:\/\/mazet-st-voy.com\/index.php?rest_route=\/wp\/v2\/pages"}],"about":[{"href":"https:\/\/mazet-st-voy.com\/index.php?rest_route=\/wp\/v2\/types\/page"}],"author":[{"embeddable":true,"href":"https:\/\/mazet-st-voy.com\/index.php?rest_route=\/wp\/v2\/users\/1"}],"replies":[{"embeddable":true,"href":"https:\/\/mazet-st-voy.com\/index.php?rest_route=%2Fwp%2Fv2%2Fcomments&post=1042"}],"version-history":[{"count":18,"href":"https:\/\/mazet-st-voy.com\/index.php?rest_route=\/wp\/v2\/pages\/1042\/revisions"}],"predecessor-version":[{"id":3302,"href":"https:\/\/mazet-st-voy.com\/index.php?rest_route=\/wp\/v2\/pages\/1042\/revisions\/3302"}],"wp:attachment":[{"href":"https:\/\/mazet-st-voy.com\/index.php?rest_route=%2Fwp%2Fv2%2Fmedia&parent=1042"}],"curies":[{"name":"wp","href":"https:\/\/api.w.org\/{rel}","templated":true}]}}