{"id":1234,"date":"2018-08-28T23:07:58","date_gmt":"2018-08-28T21:07:58","guid":{"rendered":"https:\/\/mazet-st-voy.com\/?page_id=1234"},"modified":"2026-04-29T17:47:26","modified_gmt":"2026-04-29T15:47:26","slug":"les-elus-et-leurs-permanences","status":"publish","type":"page","link":"https:\/\/mazet-st-voy.com\/?page_id=1234","title":{"rendered":"Les \u00c9lus et leurs Permanences"},"content":{"rendered":"<p>&nbsp;<\/p>\n<table style=\"border-collapse: collapse; width: 100%;\" border=\"1\">\n<tbody>\n<tr>\n<td style=\"width: 50%;\">\n<h1 style=\"text-align: center;\"><span style=\"text-decoration: underline; color: #ed0e6b;\"><span style=\"color: #d90966; text-decoration: underline;\">MAIRIE<\/span>&nbsp;<\/span><\/h1>\n<ul>\n<li>1, place de la Mairie &#8211; 43520 le Mazet-St-Voy<\/li>\n<li>T\u00e9l. : <span style=\"color: #de0966;\">04 71 65 01 09<\/span><\/li>\n<li>Email : <span style=\"color: #d90966;\"><a style=\"color: #d90966;\" href=\"mailto:mairie@mazet-st-voy.com\" target=\"_blank\" rel=\"noopener noreferrer\">mairie@mazet-st-voy.com<\/a><\/span><\/li>\n<li><a href=\"https:\/\/goo.gl\/maps\/iNqSw6ixvMD2\"><span style=\"color: #d90966;\">ACC\u00c8S<\/span><\/a><\/li>\n<\/ul>\n<p style=\"text-align: center;\"><span style=\"color: #d90966;\"><strong>HORAIRES D&rsquo;OUVERTURE :&nbsp;<\/strong><\/span><\/p>\n<ul>\n<li>mardi et jeudi : 8h-12h \/ 14h-18h<\/li>\n<li>mercredi et vendredi : 8h-12h<\/li>\n<li>samedi : 8h-12h&nbsp;<\/li>\n<\/ul>\n<\/td>\n<td style=\"width: 50%;\"><img data-recalc-dims=\"1\" loading=\"lazy\" decoding=\"async\" class=\"alignnone size-full wp-image-1380\" src=\"https:\/\/i0.wp.com\/mazet-st-voy.com\/wp-content\/uploads\/2018\/08\/Mairie.png?resize=1118%2C796&#038;ssl=1\" alt=\"\" width=\"1118\" height=\"796\" srcset=\"https:\/\/i0.wp.com\/mazet-st-voy.com\/wp-content\/uploads\/2018\/08\/Mairie.png?w=1118&amp;ssl=1 1118w, https:\/\/i0.wp.com\/mazet-st-voy.com\/wp-content\/uploads\/2018\/08\/Mairie.png?resize=300%2C214&amp;ssl=1 300w, https:\/\/i0.wp.com\/mazet-st-voy.com\/wp-content\/uploads\/2018\/08\/Mairie.png?resize=768%2C547&amp;ssl=1 768w, https:\/\/i0.wp.com\/mazet-st-voy.com\/wp-content\/uploads\/2018\/08\/Mairie.png?resize=1024%2C729&amp;ssl=1 1024w\" sizes=\"auto, (max-width: 1118px) 100vw, 1118px\" \/><\/td>\n<\/tr>\n<\/tbody>\n<\/table>\n<h1>&nbsp;<\/h1>\n<h1><span style=\"text-decoration: underline; color: #d90966;\">LES \u00c9LUS ET LEURS PERMANENCES<\/span><\/h1>\n<h1><img data-recalc-dims=\"1\" loading=\"lazy\" decoding=\"async\" class=\"alignnone size-full wp-image-2670\" src=\"https:\/\/i0.wp.com\/mazet-st-voy.com\/wp-content\/uploads\/2026\/04\/IMGP0014-scaled.jpg?resize=1200%2C887&#038;ssl=1\" alt=\"\" width=\"1200\" height=\"887\"><\/h1>\n<p style=\"text-align: justify;\"><span style=\"font-weight: 600;\">Liste du conseil municipal:<\/span><\/p>\n<p>1<sup>er<\/sup> rang de gauche \u00e0 droite : Coraline CAPON-BLANC, Laetitia VOCANSON, Thierry QUESADA, Vanessa FERRIER, Am\u00e9lie GUILHOT, Serge VERIlLHAC, K\u00e9vin MURE<\/p>\n<p>2<sup>\u00e8m&nbsp;&nbsp;<\/sup>rang de gauche \u00e0 droite : Patrick ROUX, Claudia BONNEFOY, David GENEST, Karine VALLA, Michel MARTIN<\/p>\n<p>3<sup>\u00e8m&nbsp;&nbsp;<\/sup>rang de gauche \u00e0 droite : Karine GUEZ, H\u00e9bert MASSE, Fr\u00e9d\u00e9ric GROS<\/p>\n<h2>&nbsp;<\/h2>\n<h2><span style=\"color: #d90966;\"><span style=\"text-decoration: underline;\"><strong>LE MAIRE :<\/strong><\/span>&nbsp;<\/span> Thierry QUESADA<\/h2>\n<ul>\n<li style=\"text-align: justify;\">Pr\u00e9sident du CCAS<\/li>\n<li style=\"text-align: justify;\">Membre de la Commission Finances-\u00c9conomie<\/li>\n<li><strong>CCHL<\/strong>: Membre du bureau.&nbsp;<\/li>\n<li style=\"text-align: justify;\"><strong>Permanence :<\/strong>&nbsp;<\/li>\n<\/ul>\n<h2>&nbsp;<\/h2>\n<h2><span style=\"color: #ed0e6b;\"><span style=\"color: #d90966;\"><span style=\"text-decoration: underline;\"><strong>LES ADJOINTS <\/strong><\/span><span style=\"text-decoration: underline;\"><strong>:<\/strong><\/span><\/span><strong>&nbsp;<\/strong><\/span><\/h2>\n<p><strong>Karine VALLA<\/strong>&nbsp;:&nbsp;<\/p>\n<ul>\n<li style=\"text-align: justify;\">Adjointe en charge la Vie Sociale et des Affaires Scolaires<\/li>\n<li style=\"text-align: justify;\">Coordonnatrice de la Commission Vie Sociale, Affaires Scolaires<\/li>\n<li style=\"text-align: justify;\">Vice-Pr\u00e9sidente du CCAS<\/li>\n<li>Membre de la commission d&rsquo;Appels d&rsquo;Offres<\/li>\n<li><strong>CCHL<\/strong>: D\u00e9l\u00e9gu\u00e9e Communautaire&nbsp; Vice-pr\u00e9sidente en charge des \u00e9coles et de la culture<\/li>\n<li style=\"text-align: justify;\"><strong>Permanence :<\/strong> &nbsp;<\/li>\n<\/ul>\n<p>&nbsp;<\/p>\n<p style=\"text-align: justify;\"><b>Serge VERILHAC<\/b>&nbsp;:&nbsp;<\/p>\n<ul>\n<li style=\"text-align: justify;\">Adjoint en charge des Services Technique et du Patrimoine<\/li>\n<li>Membre de la Commission Am\u00e9nagement, Urbanisme et Entretien<\/li>\n<li>Membre de la Commission Culture, Sport, Loisirs, Animation<\/li>\n<li>Membre de la Commission Communication, Promotion<\/li>\n<li>Membre de la Commission d&rsquo; Appels d&rsquo;Offres<\/li>\n<li><strong>CCHL<\/strong>:&nbsp;<\/li>\n<li style=\"text-align: justify;\"><strong>Permanence :<\/strong>&nbsp;<\/li>\n<\/ul>\n<p>&nbsp;<\/p>\n<p style=\"text-align: justify;\"><strong>Claudia BONNEFOY<\/strong> :&nbsp;<\/p>\n<ul>\n<li style=\"text-align: justify;\">Adjointe en charge de la Vie Economique, du Commerce et Attractivit\u00e9<\/li>\n<li style=\"text-align: justify;\">Coordonnatrice de la Commission Economie, Commerce et D\u00e9veloppement<\/li>\n<li>Membre de la Commission Communication, Promotion<\/li>\n<li style=\"text-align: justify;\">Membre de la commission Agriculture, Environnement<\/li>\n<li>Membre de la Commission&nbsp; d&rsquo;Appels d&rsquo;Offres<\/li>\n<li><strong>CCHL<\/strong>:&nbsp;<\/li>\n<li style=\"text-align: justify;\"><strong>Permanence :<\/strong> <span style=\"color: #d90966;\">&nbsp;<\/span><\/li>\n<\/ul>\n<p>&nbsp;<\/p>\n<p><strong>Fr\u00e9d\u00e9ric GROS<\/strong>&nbsp;:&nbsp;<\/p>\n<ul>\n<li style=\"text-align: justify;\">Adjoint en charge de l&rsquo;Am\u00e9nagement et de l&rsquo;Urbanisme<\/li>\n<li>Coordinateur de la Commission Am\u00e9nagement, Urbanisme et Entretien<\/li>\n<li>Membre de la Commission d&rsquo; Appels d&rsquo;Offres<\/li>\n<li><strong>CCHL<\/strong>: D\u00e9l\u00e9gu\u00e9 Communautaire<\/li>\n<li style=\"text-align: justify;\"><strong>Permanence :<\/strong>&nbsp;<\/li>\n<\/ul>\n<p>&nbsp;<\/p>\n<h2><span style=\"color: #d90966;\"><span style=\"text-decoration: underline;\"><strong>LES CONSEILLERS MUNICIPAUX&nbsp;<\/strong><\/span><span style=\"text-decoration: underline;\"><strong>:<\/strong><\/span><\/span><\/h2>\n<p><strong>Patrick ROUX<\/strong> : Conseiller d\u00e9l\u00e9gu\u00e9<\/p>\n<ul>\n<li style=\"text-align: justify;\">En charge des Budget, des Finances et du Num\u00e9rique<\/li>\n<li style=\"text-align: justify;\">Coordonnateur de la Commission Communication, Promotion<\/li>\n<li style=\"text-align: justify;\">Membre de la Commission Finances et Budget<\/li>\n<li>Membre de la Commission Vie Sociale, Affaires Scolaires<\/li>\n<li>Membre du CCAS<\/li>\n<li><strong>CCHL<\/strong>:&nbsp;<\/li>\n<li style=\"text-align: justify;\"><strong>Permanence :<\/strong><span style=\"color: #d90966;\">&nbsp;<\/span><\/li>\n<\/ul>\n<p>&nbsp;<\/p>\n<p><b>Coraline CAPON-BLANC<\/b><\/p>\n<ul>\n<li style=\"text-align: justify;\">Conseill\u00e8re<\/li>\n<li style=\"text-align: justify;\">Membre de la Commission Agriculture, Environnement<\/li>\n<li>Membre de la Commission Am\u00e9nagement, Urbanisme et Entretien<\/li>\n<li><strong>CCHL<\/strong>: D\u00e9l\u00e9gu\u00e9e Communautaire<\/li>\n<\/ul>\n<p>&nbsp;<\/p>\n<p style=\"text-align: justify;\"><strong>David GENEST<\/strong>&nbsp;:&nbsp;<\/p>\n<ul>\n<li style=\"text-align: justify;\">Conseiller<\/li>\n<li style=\"text-align: justify;\">Coordonnateur de la Commission Agriculture, Environnement<\/li>\n<li style=\"text-align: justify;\">Membre de la&nbsp; Commission Am\u00e9nagement, Urbanisme et Entretien<\/li>\n<li><strong>CCHL<\/strong>:&nbsp;<\/li>\n<\/ul>\n<p>&nbsp;<\/p>\n<p style=\"text-align: justify;\"><b>Laetitia VOCANSON<\/b><\/p>\n<ul>\n<li style=\"text-align: justify;\">Conseill\u00e8re<\/li>\n<li style=\"text-align: justify;\">Membre de la&nbsp; Commission Vie Sociale, Affaires Scolaires<\/li>\n<li>Membre de la&nbsp; Commission Economie, Commerce et D\u00e9veloppement<\/li>\n<li>Membre du CCAS<\/li>\n<\/ul>\n<p>&nbsp;<\/p>\n<p><span style=\"font-weight: 600;\">Am\u00e9lie GUILHOT <\/span>:&nbsp;<\/p>\n<ul>\n<li style=\"text-align: justify;\">Conseill\u00e8re<\/li>\n<li>Membre de la&nbsp; Commission Economie, Commerce et D\u00e9veloppement<\/li>\n<li>Membre de la&nbsp; Commission Culture, Sport, Loisirs, Animation<\/li>\n<li>Membre de la&nbsp; Commission Communication, Promotion<\/li>\n<\/ul>\n<p>&nbsp;<\/p>\n<p><b>Karine GUEZ<\/b>&nbsp;<\/p>\n<ul>\n<li style=\"text-align: justify;\">Conseill\u00e8re<\/li>\n<li>Membre de la&nbsp; Commission Economie, Commerce et D\u00e9veloppement<\/li>\n<li>Membre de la&nbsp; Commission Vie Sociale, Affaires Scolaires<\/li>\n<li>Membre du CCAS<\/li>\n<\/ul>\n<p>&nbsp;<\/p>\n<p><span style=\"font-weight: 600;\">K\u00e9vin MURE<\/span>:&nbsp;<\/p>\n<ul>\n<li style=\"text-align: justify;\">Conseiller<\/li>\n<li>Membre de la&nbsp; Commission Economie, Commerce et D\u00e9veloppement<\/li>\n<li>Membre de la&nbsp; Commission Culture, Sport, Loisirs, Animation<\/li>\n<li>Membre de la&nbsp; Commission Vie Sociale, Affaires Scolaires<\/li>\n<\/ul>\n<p>&nbsp;<\/p>\n<p><span style=\"font-weight: 600;\">Vanessa FERRIER <\/span>:&nbsp;<\/p>\n<ul>\n<li style=\"text-align: justify;\">Conseill\u00e8re<\/li>\n<li style=\"text-align: justify;\">Membre de la&nbsp; Commission Economie, Commerce et D\u00e9veloppement<\/li>\n<li>Membre de la&nbsp; Commission Communication, Promotion<\/li>\n<\/ul>\n<p>&nbsp;<\/p>\n<p><span style=\"font-weight: 600;\">Michel MARTIN<\/span><\/p>\n<ul>\n<li>Conseiller<\/li>\n<li>Coordonnateur de la Commission Culture, Sport, Loisirs, Animation<\/li>\n<li>Membre de la Commission Agriculture, Environnement<\/li>\n<li>Membre de la commission Economie, Commerce et D\u00e9veloppement<\/li>\n<\/ul>\n<p>&nbsp;<\/p>\n<hr>\n<h1><span style=\"color: #ed055a;\"><span style=\"text-decoration: underline; color: #d90966;\">SYNDICATS<\/span>&nbsp;<\/span><\/h1>\n<p style=\"text-align: justify;\"><strong>Syndicat Intercommunal Pour la Capture des Carnivores Domestiques Errants :&nbsp;<\/strong><\/p>\n<ul>\n<li style=\"text-align: justify;\"><span style=\"color: #de0966;\">Titulaire :<\/span> Claudia BONNEFOY<\/li>\n<li style=\"text-align: justify;\">Suppl\u00e9ant : Coraline CAPON-BLANC<\/li>\n<\/ul>\n<p>&nbsp;<\/p>\n<p style=\"text-align: justify;\"><strong>Syndicat de Gestion des Eaux du Velay :&nbsp;<\/strong><\/p>\n<ul>\n<li style=\"text-align: justify;\"><span style=\"color: #de0966;\">Titulaire :<\/span>&nbsp;<\/li>\n<li style=\"text-align: justify;\">Suppl\u00e9ant : Fr\u00e9d\u00e9ric GROS<\/li>\n<\/ul>\n<p>&nbsp;<\/p>\n<p style=\"text-align: justify;\"><strong>Syndicat Intercommunal de Production d&rsquo;Eau potable du pays d&rsquo;Yssingeaux :&nbsp;<\/strong><\/p>\n<ul style=\"text-align: justify;\">\n<li><span style=\"color: #de0966;\">Titulaires :<\/span> Fr\u00e9d\u00e9ric GROS , Serge VERILHAC<\/li>\n<li>Suppl\u00e9ants : David GENEST<\/li>\n<\/ul>\n<p>&nbsp;<\/p>\n<p style=\"text-align: justify;\"><strong>Syndicat du Lizieux :&nbsp;<\/strong><\/p>\n<ul style=\"text-align: justify;\">\n<li><span style=\"color: #de0966;\">Titulaires :<\/span> David GENEST, Serge VERILHAC<\/li>\n<\/ul>\n<p>&nbsp;<\/p>\n<p><strong>Syndicat&nbsp; D\u00e9partemental de l&rsquo;Energie<\/strong><\/p>\n<ul>\n<li><span style=\"color: #de0966;\">Titulaire :<\/span>&nbsp; Serge VERILHAC<\/li>\n<\/ul>\n<p>&nbsp;<\/p>\n<p style=\"text-align: justify;\">&nbsp;<\/p>\n","protected":false},"excerpt":{"rendered":"<p>&nbsp; MAIRIE&nbsp; 1, place de la Mairie &#8211; 43520 le Mazet-St-Voy T\u00e9l. : 04 71 65 01 09 Email : mairie@mazet-st-voy.com ACC\u00c8S HORAIRES D&rsquo;OUVERTURE :&nbsp; mardi et jeudi : 8h-12h \/ 14h-18h mercredi et vendredi : 8h-12h samedi : 8h-12h&nbsp; &nbsp; LES \u00c9LUS ET LEURS PERMANENCES Liste du conseil municipal: 1er rang de gauche \u00e0 [&hellip;]<\/p>\n","protected":false},"author":1,"featured_media":0,"parent":0,"menu_order":0,"comment_status":"closed","ping_status":"closed","template":"","meta":{"ngg_post_thumbnail":0,"footnotes":""},"class_list":["post-1234","page","type-page","status-publish","hentry","entry"],"aioseo_notices":[],"jetpack_shortlink":"https:\/\/wp.me\/PadW9w-jU","jetpack_sharing_enabled":true,"jetpack-related-posts":[{"id":603,"url":"https:\/\/mazet-st-voy.com\/?page_id=603","url_meta":{"origin":1234,"position":0},"title":"Biblioth\u00e8que","author":"admin9404","date":"21 ao\u00fbt 2018","format":false,"excerpt":"LA BIBLIOTH\u00c8QUE :\u00a0 La biblioth\u00e8que du Mazet, situ\u00e9e au dessus de la mairie, est ouverte :\u00a0 mercredi : 14 h - 18 h. jeudi : 10 h - 12 h. vendredi : 15 h - 18 h. samedi : 10 h - 12h. T\u00e9l.\u00a0: 04 71 65 09 10 FOND\u2026","rel":"","context":"Article similaire","block_context":{"text":"Article similaire","link":""},"img":{"alt_text":"","src":"https:\/\/i0.wp.com\/mazet-st-voy.com\/wp-content\/uploads\/2018\/12\/Petites-Histoires-Novembre-2018.jpg?resize=350%2C200&ssl=1","width":350,"height":200,"srcset":"https:\/\/i0.wp.com\/mazet-st-voy.com\/wp-content\/uploads\/2018\/12\/Petites-Histoires-Novembre-2018.jpg?resize=350%2C200&ssl=1 1x, https:\/\/i0.wp.com\/mazet-st-voy.com\/wp-content\/uploads\/2018\/12\/Petites-Histoires-Novembre-2018.jpg?resize=525%2C300&ssl=1 1.5x, https:\/\/i0.wp.com\/mazet-st-voy.com\/wp-content\/uploads\/2018\/12\/Petites-Histoires-Novembre-2018.jpg?resize=700%2C400&ssl=1 2x, https:\/\/i0.wp.com\/mazet-st-voy.com\/wp-content\/uploads\/2018\/12\/Petites-Histoires-Novembre-2018.jpg?resize=1050%2C600&ssl=1 3x, https:\/\/i0.wp.com\/mazet-st-voy.com\/wp-content\/uploads\/2018\/12\/Petites-Histoires-Novembre-2018.jpg?resize=1400%2C800&ssl=1 4x"},"classes":[]},{"id":707,"url":"https:\/\/mazet-st-voy.com\/?page_id=707","url_meta":{"origin":1234,"position":1},"title":"Vie pratique \/ N\u00b0 utiles","author":"admin9404","date":"22 ao\u00fbt 2018","format":false,"excerpt":"VIE PRATIQUE \/ N\u00b0 UTILES Office du Tourisme : 04 71\u00a065 07 32 lemazet@ot-hautlignon.com \u00a0 \u00a0www.ot-hautlignon.com Biblioth\u00e8que municipale : \u00a0 \u00a0 \u00a0 \u00a0\u00a0 04 71 65 09 10 mercredi : \u00a014 h - 18 h. jeudi : \u00a010 h - 12 h. vendredi : 15 h - 18 h. samedi\u2026","rel":"","context":"Article similaire","block_context":{"text":"Article similaire","link":""},"img":{"alt_text":"","src":"","width":0,"height":0},"classes":[]},{"id":1420,"url":"https:\/\/mazet-st-voy.com\/?page_id=1420","url_meta":{"origin":1234,"position":2},"title":"Sport","author":"admin9404","date":"31 ao\u00fbt 2018","format":false,"excerpt":"BOULE LYONNAISE\u00a0 Amicale des Boulistes\u00a0- \u00a0Pr\u00e9sident :\u00a0Thierry COURT - La Scie de Vacheresse - 43520 Le Mazet-St-Voy 5 Jeux de plein air au Bruas La boule amicale - Buvette - Tel : 04 71 65 01 13 Boulodrome intercommunal (Ouvert de Novembre \u00e0 Avril) :\u00a04 jeux couverts, Zone artisanale -\u2026","rel":"","context":"Article similaire","block_context":{"text":"Article similaire","link":""},"img":{"alt_text":"","src":"https:\/\/i0.wp.com\/mazet-st-voy.com\/wp-content\/uploads\/2018\/09\/Boulodrome.png?resize=350%2C200&ssl=1","width":350,"height":200,"srcset":"https:\/\/i0.wp.com\/mazet-st-voy.com\/wp-content\/uploads\/2018\/09\/Boulodrome.png?resize=350%2C200&ssl=1 1x, https:\/\/i0.wp.com\/mazet-st-voy.com\/wp-content\/uploads\/2018\/09\/Boulodrome.png?resize=525%2C300&ssl=1 1.5x, https:\/\/i0.wp.com\/mazet-st-voy.com\/wp-content\/uploads\/2018\/09\/Boulodrome.png?resize=700%2C400&ssl=1 2x, https:\/\/i0.wp.com\/mazet-st-voy.com\/wp-content\/uploads\/2018\/09\/Boulodrome.png?resize=1050%2C600&ssl=1 3x, https:\/\/i0.wp.com\/mazet-st-voy.com\/wp-content\/uploads\/2018\/09\/Boulodrome.png?resize=1400%2C800&ssl=1 4x"},"classes":[]},{"id":22,"url":"https:\/\/mazet-st-voy.com\/?page_id=22","url_meta":{"origin":1234,"position":3},"title":"\u00c9conomie","author":"admin9404","date":"16 ao\u00fbt 2018","format":false,"excerpt":"L'\u00c9CONOMIE Bien qu'elle conserve son caract\u00e8re rural dans un cadre naturel pr\u00e9serv\u00e9, la Commune du Mazet poss\u00e8de une \u00e9conomie diversifi\u00e9e. Autrefois essentiellement agricole, l'activit\u00e9 couvre d\u00e9sormais plusieurs domaines qui alimentent l'emploi local. \u00c0 elles seules, trois entreprises, de m\u00e9canique g\u00e9n\u00e9rale, d'\u00e9lectronique et de construction bois comptent pr\u00e8s de cent collaborateurs.\u2026","rel":"","context":"Article similaire","block_context":{"text":"Article similaire","link":""},"img":{"alt_text":"","src":"https:\/\/i0.wp.com\/mazet-st-voy.com\/wp-content\/uploads\/2023\/04\/garage-LB-scaled.jpg?resize=350%2C200&ssl=1","width":350,"height":200,"srcset":"https:\/\/i0.wp.com\/mazet-st-voy.com\/wp-content\/uploads\/2023\/04\/garage-LB-scaled.jpg?resize=350%2C200&ssl=1 1x, https:\/\/i0.wp.com\/mazet-st-voy.com\/wp-content\/uploads\/2023\/04\/garage-LB-scaled.jpg?resize=525%2C300&ssl=1 1.5x, https:\/\/i0.wp.com\/mazet-st-voy.com\/wp-content\/uploads\/2023\/04\/garage-LB-scaled.jpg?resize=700%2C400&ssl=1 2x, https:\/\/i0.wp.com\/mazet-st-voy.com\/wp-content\/uploads\/2023\/04\/garage-LB-scaled.jpg?resize=1050%2C600&ssl=1 3x, https:\/\/i0.wp.com\/mazet-st-voy.com\/wp-content\/uploads\/2023\/04\/garage-LB-scaled.jpg?resize=1400%2C800&ssl=1 4x"},"classes":[]},{"id":697,"url":"https:\/\/mazet-st-voy.com\/?page_id=697","url_meta":{"origin":1234,"position":4},"title":"Mentions l\u00e9gales &#038; Politique de confidentialit\u00e9","author":"admin9404","date":"21 ao\u00fbt 2018","format":false,"excerpt":"MENTIONS L\u00c9GALES Ce site est \u00e9dit\u00e9 par la mairie du Mazet-St-Voy. Mairie du Mazet-St-Voy 1, Place de la Mairie 43520 le Mazet-St-Voy Tel. : 04 71 65 01 09 Fax. : 04 71 65 07 38 mairie@mazet-st-voy.com Directeur de la publication : Bernard COTTE, le Maire CONCEPTION ET H\u00c9B\u00c9RGEMENT DU\u2026","rel":"","context":"Article similaire","block_context":{"text":"Article similaire","link":""},"img":{"alt_text":"","src":"","width":0,"height":0},"classes":[]},{"id":613,"url":"https:\/\/mazet-st-voy.com\/?page_id=613","url_meta":{"origin":1234,"position":5},"title":"Associations","author":"admin9404","date":"21 ao\u00fbt 2018","format":false,"excerpt":"LE COMIT\u00c9 D'ANIMATION La Varenne - 43520 Le Mazet-St-Voy Responsable : Alain RUEL La vie associative du Mazet-St-Voy est riche et ultra dynamique. Durant toute l'ann\u00e9e, les associations locales organisent des animations vari\u00e9es : concerts, expositions, repas festifs, spectacles, manifestations sportives... ANIMATIONS R\u00c9GULI\u00c8RES :\u00a0 La Foire du Terroir :\u00a0le premier\u2026","rel":"","context":"Article similaire","block_context":{"text":"Article similaire","link":""},"img":{"alt_text":"","src":"https:\/\/i0.wp.com\/mazet-st-voy.com\/wp-content\/uploads\/2018\/08\/vie-associative-mazet-st-voy.png?resize=350%2C200&ssl=1","width":350,"height":200,"srcset":"https:\/\/i0.wp.com\/mazet-st-voy.com\/wp-content\/uploads\/2018\/08\/vie-associative-mazet-st-voy.png?resize=350%2C200&ssl=1 1x, https:\/\/i0.wp.com\/mazet-st-voy.com\/wp-content\/uploads\/2018\/08\/vie-associative-mazet-st-voy.png?resize=525%2C300&ssl=1 1.5x, https:\/\/i0.wp.com\/mazet-st-voy.com\/wp-content\/uploads\/2018\/08\/vie-associative-mazet-st-voy.png?resize=700%2C400&ssl=1 2x, https:\/\/i0.wp.com\/mazet-st-voy.com\/wp-content\/uploads\/2018\/08\/vie-associative-mazet-st-voy.png?resize=1050%2C600&ssl=1 3x, https:\/\/i0.wp.com\/mazet-st-voy.com\/wp-content\/uploads\/2018\/08\/vie-associative-mazet-st-voy.png?resize=1400%2C800&ssl=1 4x"},"classes":[]}],"_links":{"self":[{"href":"https:\/\/mazet-st-voy.com\/index.php?rest_route=\/wp\/v2\/pages\/1234","targetHints":{"allow":["GET"]}}],"collection":[{"href":"https:\/\/mazet-st-voy.com\/index.php?rest_route=\/wp\/v2\/pages"}],"about":[{"href":"https:\/\/mazet-st-voy.com\/index.php?rest_route=\/wp\/v2\/types\/page"}],"author":[{"embeddable":true,"href":"https:\/\/mazet-st-voy.com\/index.php?rest_route=\/wp\/v2\/users\/1"}],"replies":[{"embeddable":true,"href":"https:\/\/mazet-st-voy.com\/index.php?rest_route=%2Fwp%2Fv2%2Fcomments&post=1234"}],"version-history":[{"count":129,"href":"https:\/\/mazet-st-voy.com\/index.php?rest_route=\/wp\/v2\/pages\/1234\/revisions"}],"predecessor-version":[{"id":3863,"href":"https:\/\/mazet-st-voy.com\/index.php?rest_route=\/wp\/v2\/pages\/1234\/revisions\/3863"}],"wp:attachment":[{"href":"https:\/\/mazet-st-voy.com\/index.php?rest_route=%2Fwp%2Fv2%2Fmedia&parent=1234"}],"curies":[{"name":"wp","href":"https:\/\/api.w.org\/{rel}","templated":true}]}}