{"id":547,"date":"2018-08-21T08:46:55","date_gmt":"2018-08-21T06:46:55","guid":{"rendered":"https:\/\/mazet-st-voy.com\/?page_id=547"},"modified":"2023-02-27T20:26:24","modified_gmt":"2023-02-27T19:26:24","slug":"calibert-en-scene","status":"publish","type":"page","link":"https:\/\/mazet-st-voy.com\/?page_id=547","title":{"rendered":"Calibert en sc\u00e8ne"},"content":{"rendered":"\n\n<p><img data-recalc-dims=\"1\" loading=\"lazy\" decoding=\"async\" class=\"wp-image-491 alignleft\" src=\"https:\/\/i0.wp.com\/mazet-st-voy.com\/wp-content\/uploads\/2018\/08\/logo-calibert-en-sc%C3%A8ne.jpg?resize=132%2C132&#038;ssl=1\" alt=\"\" width=\"132\" height=\"132\" srcset=\"https:\/\/i0.wp.com\/mazet-st-voy.com\/wp-content\/uploads\/2018\/08\/logo-calibert-en-sc%C3%A8ne.jpg?w=224&amp;ssl=1 224w, https:\/\/i0.wp.com\/mazet-st-voy.com\/wp-content\/uploads\/2018\/08\/logo-calibert-en-sc%C3%A8ne.jpg?resize=150%2C150&amp;ssl=1 150w\" sizes=\"auto, (max-width: 132px) 100vw, 132px\" \/><\/p>\n<p style=\"text-align: justify;\"><span style=\"color: #db0766;\"><strong>&nbsp;Le mot du Pr\u00e9sident.<\/strong><\/span><\/p>\n<p style=\"text-align: justify;\"><b style=\"color: #db0766;\">Se mettre \u00e0 plusieurs, pour oeuvrer \u00e0 faire vivre un lieu de culture, c&rsquo;est un horizon plein de saveurs, cependant l&rsquo;amplitude de la t\u00e2che s&rsquo;invite rapidement. Construire une programmation culturelle, amorcer la&nbsp;<\/b><span style=\"color: #db0766;\"><span style=\"caret-color: #db0766; font-weight: 600;\">rencontre<\/span><\/span><b style=\"color: #db0766;\">&nbsp;inviter \u00e0 la d\u00e9couverte, cela rel\u00e8ve d&rsquo;un labeur&nbsp;<\/b><span style=\"color: #db0766;\"><span style=\"caret-color: #db0766; font-weight: 600;\">opini\u00e2tre, une gageure. Donc relevons les manches&#8230;&#8230;.<\/span><\/span><\/p>\n<p style=\"text-align: center;\"><a href=\"https:\/\/mazet-st-voy.com\/wp-content\/uploads\/2021\/03\/mot-du-pr\u00e9sident-CA-Fevrier-2021.pdf\">Lisez le mot du Pr\u00e9sident<\/a><\/p>\n<p>&nbsp;<\/p>\n<p style=\"text-align: justify;\"><img data-recalc-dims=\"1\" loading=\"lazy\" decoding=\"async\" class=\"wp-image-2709 aligncenter\" src=\"https:\/\/i0.wp.com\/mazet-st-voy.com\/wp-content\/uploads\/2021\/02\/bureau-calibert-2021.png?resize=441%2C370&#038;ssl=1\" alt=\"\" width=\"441\" height=\"370\" srcset=\"https:\/\/i0.wp.com\/mazet-st-voy.com\/wp-content\/uploads\/2021\/02\/bureau-calibert-2021.png?w=940&amp;ssl=1 940w, https:\/\/i0.wp.com\/mazet-st-voy.com\/wp-content\/uploads\/2021\/02\/bureau-calibert-2021.png?resize=300%2C251&amp;ssl=1 300w, https:\/\/i0.wp.com\/mazet-st-voy.com\/wp-content\/uploads\/2021\/02\/bureau-calibert-2021.png?resize=768%2C644&amp;ssl=1 768w\" sizes=\"auto, (max-width: 441px) 100vw, 441px\" \/><\/p>\n<p>L\u2019association Calibert en Sc\u00e8ne, qui n\u2019\u00e9tait qu\u2019une simple filiale du Comit\u00e9 d\u2019Animation, a d\u00e9cid\u00e9 de se restructurer. Apr\u00e8s le d\u00e9part de son pr\u00e9sident Jean Mougel, que nous remercions ici pour son action,&nbsp;et la d\u00e9cision de cr\u00e9er une&nbsp;association ind\u00e9pendante, une Assembl\u00e9e G\u00e9n\u00e9rale Constitutive a \u00e9t\u00e9 convoqu\u00e9e le 18 d\u00e9cembre 2020 qui a approuv\u00e9 des statuts.<\/p>\n<p>Un Conseil d\u2019Administration de 24 membres a \u00e9t\u00e9 \u00e9lu et un Bureau qui \u0153uvre \u00e0 la gestion de ce pourquoi l\u2019association existe&nbsp; = faire vivre la culture autour de la salle du Calibert.<\/p>\n<p>Le travail se partage en diff\u00e9rentes commissions (programmation, technique, communication, administratif, gestion de la salle). &nbsp;<\/p>\n<p>Une programmation pour le printemps 2021 est en cours de finalisation, avec beaucoup d\u2019incertitudes dues aux mesures sanitaires possibles. Beaucoup des \u00e9v\u00e8nements pr\u00e9vus sont des reports de l\u2019ann\u00e9e 2020 que nous essayons d\u2019honorer. Vous en trouverez le d\u00e9tail sur ce site et sur les r\u00e9seaux sociaux (pages facebook et instagram Calibert en sc\u00e8ne).<\/p>\n<p>Le CA qui se r\u00e9unira r\u00e9guli\u00e8rement, aura \u00e9galement \u00e0 se prononcer sur la politique culturelle de ce lieu, avec une programmation ambitieuse et n\u00e9anmoins accessible, faisant appel aux ressources locales et associatives et quelques \u00e9v\u00e8nements \u00ab&nbsp;phares&nbsp;\u00bb.<\/p>\n<p style=\"text-align: center;\">Marianne<\/p>\n<p style=\"text-align: justify;\"><strong>Email :<\/strong> <span style=\"color: #db0766;\"><a style=\"color: #db0766;\" href=\"mailto:calibertenscene@gmail.com\" target=\"_blank\" rel=\"noopener noreferrer\">calibertenscene@gmail.com<\/a><\/span><\/p>\n<p><strong>Facebook :<\/strong>&nbsp;<a href=\"https:\/\/www.facebook.com\/calibertenscene\/\">https:\/\/www.facebook.com\/calibertenscene\/<\/a><\/p>\n<p style=\"text-align: center;\"><a href=\"https:\/\/www.calibertenscene.com\/\"><strong><span style=\"color: #db0766;\">D\u00c9COUVREZ LA PROGRAMMATION DU CALIBERT!<\/span><\/strong><\/a><\/p>\n<p style=\"text-align: center;\"><span style=\"color: #db0766;\"><strong>Au plaisir de partager de tr\u00e8s bons moments culturels dans ce lieu exceptionnel du Calibert !<\/strong><\/span><\/p>\n<p style=\"text-align: center;\"><a href=\"https:\/\/www.facebook.com\/calibertenscene\/\"><img data-recalc-dims=\"1\" loading=\"lazy\" decoding=\"async\" class=\"aligncenter wp-image-771\" src=\"https:\/\/i0.wp.com\/mazet-st-voy.com\/wp-content\/uploads\/2018\/08\/facebook-logo-button.png?resize=40%2C40&#038;ssl=1\" alt=\"\" width=\"40\" height=\"40\" srcset=\"https:\/\/i0.wp.com\/mazet-st-voy.com\/wp-content\/uploads\/2018\/08\/facebook-logo-button.png?resize=300%2C300&amp;ssl=1 300w, https:\/\/i0.wp.com\/mazet-st-voy.com\/wp-content\/uploads\/2018\/08\/facebook-logo-button.png?resize=150%2C150&amp;ssl=1 150w, https:\/\/i0.wp.com\/mazet-st-voy.com\/wp-content\/uploads\/2018\/08\/facebook-logo-button.png?w=512&amp;ssl=1 512w\" sizes=\"auto, (max-width: 40px) 100vw, 40px\" \/><\/a><\/p>\n<h1>&nbsp;<\/h1>\n<p style=\"text-align: center;\"><\/p>\n<p style=\"text-align: center;\">&nbsp;<\/p>","protected":false},"excerpt":{"rendered":"<p>&nbsp;Le mot du Pr\u00e9sident. Se mettre \u00e0 plusieurs, pour oeuvrer \u00e0 faire vivre un lieu de culture, c&rsquo;est un horizon plein de saveurs, cependant l&rsquo;amplitude de la t\u00e2che s&rsquo;invite rapidement. Construire une programmation culturelle, amorcer la&nbsp;rencontre&nbsp;inviter \u00e0 la d\u00e9couverte, cela rel\u00e8ve d&rsquo;un labeur&nbsp;opini\u00e2tre, une gageure. Donc relevons les manches&#8230;&#8230;. Lisez le mot du Pr\u00e9sident &nbsp; [&hellip;]<\/p>\n","protected":false},"author":1,"featured_media":0,"parent":0,"menu_order":0,"comment_status":"closed","ping_status":"closed","template":"","meta":{"ngg_post_thumbnail":0,"footnotes":""},"class_list":["post-547","page","type-page","status-publish","hentry","entry"],"aioseo_notices":[],"jetpack_shortlink":"https:\/\/wp.me\/PadW9w-8P","jetpack_sharing_enabled":false,"jetpack-related-posts":[{"id":92,"url":"https:\/\/mazet-st-voy.com\/","url_meta":{"origin":547,"position":0},"title":"Un territoire, un terroir&#8230;le bon-vivre ensemble","author":"admin9404","date":"16 ao\u00fbt 2018","format":false,"excerpt":"\"La commune du Mazet Saint Voy compte 1183 habitants, Elle est situ\u00e9e \u00e0 1000m d\u2019altitude sur le plateau Vivarais-Lignon \u00e0 la porte du parc des Monts d\u2019Ard\u00e8che. C\u2019est une commune dynamique et accueillante, touristique et vivante. Le Mazet Saint Voy offre tous les services de proximit\u00e9 : Cr\u00e8che, \u00e9cole, associations,\u2026","rel":"","context":"Article similaire","block_context":{"text":"Article similaire","link":""},"img":{"alt_text":"","src":"https:\/\/i0.wp.com\/mazet-st-voy.com\/wp-content\/uploads\/2018\/08\/visuel-accueil.jpg?resize=350%2C200&ssl=1","width":350,"height":200,"srcset":"https:\/\/i0.wp.com\/mazet-st-voy.com\/wp-content\/uploads\/2018\/08\/visuel-accueil.jpg?resize=350%2C200&ssl=1 1x, https:\/\/i0.wp.com\/mazet-st-voy.com\/wp-content\/uploads\/2018\/08\/visuel-accueil.jpg?resize=525%2C300&ssl=1 1.5x, https:\/\/i0.wp.com\/mazet-st-voy.com\/wp-content\/uploads\/2018\/08\/visuel-accueil.jpg?resize=700%2C400&ssl=1 2x, https:\/\/i0.wp.com\/mazet-st-voy.com\/wp-content\/uploads\/2018\/08\/visuel-accueil.jpg?resize=1050%2C600&ssl=1 3x, https:\/\/i0.wp.com\/mazet-st-voy.com\/wp-content\/uploads\/2018\/08\/visuel-accueil.jpg?resize=1400%2C800&ssl=1 4x"},"classes":[]},{"id":2715,"url":"https:\/\/mazet-st-voy.com\/?page_id=2715","url_meta":{"origin":547,"position":1},"title":"Le Fil d&rsquo;actualit\u00e9 de Calibert en Sc\u00e8ne","author":"admin9404","date":"2 f\u00e9vrier 2021","format":false,"excerpt":"Ce vendredi, Najat Vallaud-Belkacem , ancienne ministre et candidate de la gauche aux prochaines \u00e9lections r\u00e9gionales \u00e9tait en visite sur notre r\u00e9gion et au Calibert. C\u2019est par la salle polyvalente du Calibert que la candidate socialiste terminait, agr\u00e9ablement surprise de la qualit\u00e9 technique de la r\u00e9alisation, des performances que constituent\u2026","rel":"","context":"Article similaire","block_context":{"text":"Article similaire","link":""},"img":{"alt_text":"","src":"https:\/\/i0.wp.com\/mazet-st-voy.com\/wp-content\/uploads\/2021\/03\/2021-Mars-formation-son-Calibert4-scaled.jpg?resize=350%2C200&ssl=1","width":350,"height":200,"srcset":"https:\/\/i0.wp.com\/mazet-st-voy.com\/wp-content\/uploads\/2021\/03\/2021-Mars-formation-son-Calibert4-scaled.jpg?resize=350%2C200&ssl=1 1x, https:\/\/i0.wp.com\/mazet-st-voy.com\/wp-content\/uploads\/2021\/03\/2021-Mars-formation-son-Calibert4-scaled.jpg?resize=525%2C300&ssl=1 1.5x, https:\/\/i0.wp.com\/mazet-st-voy.com\/wp-content\/uploads\/2021\/03\/2021-Mars-formation-son-Calibert4-scaled.jpg?resize=700%2C400&ssl=1 2x, https:\/\/i0.wp.com\/mazet-st-voy.com\/wp-content\/uploads\/2021\/03\/2021-Mars-formation-son-Calibert4-scaled.jpg?resize=1050%2C600&ssl=1 3x, https:\/\/i0.wp.com\/mazet-st-voy.com\/wp-content\/uploads\/2021\/03\/2021-Mars-formation-son-Calibert4-scaled.jpg?resize=1400%2C800&ssl=1 4x"},"classes":[]},{"id":1069,"url":"https:\/\/mazet-st-voy.com\/?page_id=1069","url_meta":{"origin":547,"position":2},"title":"Le Jardin Botanique et Mus\u00e9e des outils agricoles anciens","author":"admin9404","date":"24 ao\u00fbt 2018","format":false,"excerpt":"LE JARDIN BOTANIQUE et MUS\u00c9E DES OUTILS AGRICOLES ANCIENS\u00a0 Acc\u00e8s par : Place des droits de l\u2019Homme \u00e0 c\u00f4t\u00e9 de la Halle Fermi\u00e8re. Pour tous et gratuit. C\u2019est en 1987 qu\u2019a \u00e9t\u00e9 cr\u00e9\u00e9 le Jardin botanique, sur un terrain communal inutilis\u00e9 de 1,7 hectare. Ce terrain situ\u00e9 au centre du\u2026","rel":"","context":"Article similaire","block_context":{"text":"Article similaire","link":""},"img":{"alt_text":"","src":"","width":0,"height":0},"classes":[]},{"id":802,"url":"https:\/\/mazet-st-voy.com\/?page_id=802","url_meta":{"origin":547,"position":3},"title":"Cantine et Garderie","author":"admin9404","date":"22 ao\u00fbt 2018","format":false,"excerpt":"LA CANTINE DU VILLAGE La cantine du Mazet est install\u00e9e dans la r\u00e9sidence du Lizieux depuis une vingtaine d\u2019ann\u00e9es. elle a un fonctionnement interg\u00e9n\u00e9rationnel c'est-\u00e0-dire que mangent dans la m\u00eame pi\u00e8ce, les enfants de l\u2019\u00e9cole, les personnes \u00e2g\u00e9es de la r\u00e9sidence et certains r\u00e9sidents de l\u2019ESAT, dans une ambiance joyeuse\u2026","rel":"","context":"Article similaire","block_context":{"text":"Article similaire","link":""},"img":{"alt_text":"","src":"","width":0,"height":0},"classes":[]},{"id":779,"url":"https:\/\/mazet-st-voy.com\/?page_id=779","url_meta":{"origin":547,"position":4},"title":"Formulaire CANTINE","author":"admin9404","date":"22 ao\u00fbt 2018","format":false,"excerpt":"\u00a0 Madame, Monsieur, nous vous remercions d\u2019utiliser ce formulaire pour d\u00e9commander\u00a0votre enfant \u00e0 la cantine de l\u2019\u00e9cole Albert Camus du Mazet St Voy . Un d\u00e9lai de 48h est impos\u00e9 afin de ne pas p\u00e9naliser la pr\u00e9paration\u00a0des repas, de maintenir le budget cantine de la commune et de ne pas\u2026","rel":"","context":"Article similaire","block_context":{"text":"Article similaire","link":""},"img":{"alt_text":"","src":"","width":0,"height":0},"classes":[]},{"id":622,"url":"https:\/\/mazet-st-voy.com\/?page_id=622","url_meta":{"origin":547,"position":5},"title":"Cr\u00e8che les Pitchounets","author":"admin9404","date":"21 ao\u00fbt 2018","format":false,"excerpt":"\u00a0 CR\u00c8CHE LES PITCHOUNETS Le multi- accueil \u00ab\u00a0Les Pitchounets\u00a0\u00bb est une association \u00e0 gestion parentale. Sous le terme multi accueil, nous regroupons les notions de cr\u00e8che, halte garderie, accueil p\u00e9riscolaire, en accueil r\u00e9gulier ou occasionnel. Une \u00e9quipe pluridisciplinaire accueille chaque jour enfants de 0 \u00e0 la veille de leurs 6\u2026","rel":"","context":"Article similaire","block_context":{"text":"Article similaire","link":""},"img":{"alt_text":"","src":"","width":0,"height":0},"classes":[]}],"_links":{"self":[{"href":"https:\/\/mazet-st-voy.com\/index.php?rest_route=\/wp\/v2\/pages\/547","targetHints":{"allow":["GET"]}}],"collection":[{"href":"https:\/\/mazet-st-voy.com\/index.php?rest_route=\/wp\/v2\/pages"}],"about":[{"href":"https:\/\/mazet-st-voy.com\/index.php?rest_route=\/wp\/v2\/types\/page"}],"author":[{"embeddable":true,"href":"https:\/\/mazet-st-voy.com\/index.php?rest_route=\/wp\/v2\/users\/1"}],"replies":[{"embeddable":true,"href":"https:\/\/mazet-st-voy.com\/index.php?rest_route=%2Fwp%2Fv2%2Fcomments&post=547"}],"version-history":[{"count":45,"href":"https:\/\/mazet-st-voy.com\/index.php?rest_route=\/wp\/v2\/pages\/547\/revisions"}],"predecessor-version":[{"id":3304,"href":"https:\/\/mazet-st-voy.com\/index.php?rest_route=\/wp\/v2\/pages\/547\/revisions\/3304"}],"wp:attachment":[{"href":"https:\/\/mazet-st-voy.com\/index.php?rest_route=%2Fwp%2Fv2%2Fmedia&parent=547"}],"curies":[{"name":"wp","href":"https:\/\/api.w.org\/{rel}","templated":true}]}}