{"id":622,"date":"2018-08-21T15:05:58","date_gmt":"2018-08-21T13:05:58","guid":{"rendered":"https:\/\/mazet-st-voy.com\/?page_id=622"},"modified":"2018-09-01T11:18:04","modified_gmt":"2018-09-01T09:18:04","slug":"creche-les-pitchnounets","status":"publish","type":"page","link":"https:\/\/mazet-st-voy.com\/?page_id=622","title":{"rendered":"Cr\u00e8che les Pitchounets"},"content":{"rendered":"<h1>&nbsp;<\/h1>\n<h1><span style=\"text-decoration: underline; color: #db0766;\"><strong>CR\u00c8CHE LES PITCHOUNETS<\/strong><\/span><\/h1>\n<p style=\"text-align: justify;\">Le multi- accueil \u00ab&nbsp;Les Pitchounets&nbsp;\u00bb est une association \u00e0 gestion parentale. Sous le terme multi accueil, nous regroupons les notions de cr\u00e8che, halte garderie, accueil p\u00e9riscolaire, en accueil r\u00e9gulier ou occasionnel. Une \u00e9quipe pluridisciplinaire accueille chaque jour enfants de 0 \u00e0 la veille de leurs 6 ans. La structure est ouverte tous les jours, <span style=\"color: #db0766;\"><strong>du lundi au vendredi de 7 h 30 \u00e0 18 h<\/strong><\/span> sauf au mois d\u2019ao\u00fbt, les jours f\u00e9ri\u00e9s et entre No\u00ebl et le Jour de l\u2019An.<\/p>\n<p style=\"text-align: justify;\"><span style=\"color: #db0766;\"><strong>L\u2019inscription<\/strong><\/span> des enfants se fait sur place lors d\u2019un rendez-vous avec la directrice <span style=\"color: #db0766;\"><strong>(04 71 65 06 22)<\/strong><\/span>. Etant donn\u00e9 le nombre de demandes il est conseill\u00e9 de ne pas tarder.<\/p>\n<p style=\"text-align: justify;\">La cr\u00e8che les Pitchounets se situe dans les m\u00eames locaux que l\u2019\u00e9cole publique. Cette proximit\u00e9 nous permet un travail en collaboration avec l\u2019\u00e9quipe enseignante, lors des \u00ab&nbsp;temps passerelle&nbsp;\u00bb qui permettent aux \u00ab&nbsp;grands&nbsp;\u00bb de pr\u00e9parer leur rentr\u00e9e scolaire dans de bonnes conditions.<\/p>\n<p style=\"text-align: justify;\">Les enfants profitent chaque mois d\u2019autres partenariats&nbsp;: \u00e9veil corporel avec le RAM (relais d\u2019assistantes maternelles) \u00ab&nbsp;petites histoires&nbsp;\u00bb \u00e0 la biblioth\u00e8que\u2026 d\u2019autres projets (musique, r\u00e9alisation d\u2019un CD\u2026.) sont en cours.<\/p>\n<p style=\"text-align: justify;\"><span style=\"color: #db0766;\"><strong>Deux \u00e9v\u00e8nements<\/strong><\/span> r\u00e9currents permettent aux familles des Pitchounets de se rencontrer&nbsp;: il s\u2019agit de la f\u00eate de No\u00ebl et du pique-nique de fin d\u2019ann\u00e9e scolaire. Notre projet p\u00e9dagogique est disponible \u00e0 la cr\u00e8che. N\u2019h\u00e9sitez pas \u00e0 venir le consulter sur place et \u00e0 nous rencontrer.<\/p>\n<p>&nbsp;<\/p>\n<p>&nbsp;<\/p>\n<p>&nbsp;<\/p>\n<p style=\"text-align: center;\"><\/p>\n","protected":false},"excerpt":{"rendered":"<p>&nbsp; CR\u00c8CHE LES PITCHOUNETS Le multi- accueil \u00ab&nbsp;Les Pitchounets&nbsp;\u00bb est une association \u00e0 gestion parentale. Sous le terme multi accueil, nous regroupons les notions de cr\u00e8che, halte garderie, accueil p\u00e9riscolaire, en accueil r\u00e9gulier ou occasionnel. Une \u00e9quipe pluridisciplinaire accueille chaque jour enfants de 0 \u00e0 la veille de leurs 6 ans. La structure est ouverte [&hellip;]<\/p>\n","protected":false},"author":1,"featured_media":0,"parent":0,"menu_order":0,"comment_status":"closed","ping_status":"closed","template":"","meta":{"ngg_post_thumbnail":0,"footnotes":""},"class_list":["post-622","page","type-page","status-publish","hentry","entry"],"aioseo_notices":[],"jetpack_shortlink":"https:\/\/wp.me\/PadW9w-a2","jetpack_sharing_enabled":true,"jetpack-related-posts":[{"id":802,"url":"https:\/\/mazet-st-voy.com\/?page_id=802","url_meta":{"origin":622,"position":0},"title":"Cantine et Garderie","author":"admin9404","date":"22 ao\u00fbt 2018","format":false,"excerpt":"LA CANTINE DU VILLAGE La cantine du Mazet est install\u00e9e dans la r\u00e9sidence du Lizieux depuis une vingtaine d\u2019ann\u00e9es. elle a un fonctionnement interg\u00e9n\u00e9rationnel c'est-\u00e0-dire que mangent dans la m\u00eame pi\u00e8ce, les enfants de l\u2019\u00e9cole, les personnes \u00e2g\u00e9es de la r\u00e9sidence et certains r\u00e9sidents de l\u2019ESAT, dans une ambiance joyeuse\u2026","rel":"","context":"Article similaire","block_context":{"text":"Article similaire","link":""},"img":{"alt_text":"","src":"","width":0,"height":0},"classes":[]},{"id":620,"url":"https:\/\/mazet-st-voy.com\/?page_id=620","url_meta":{"origin":622,"position":1},"title":"\u00c9cole Albert Camus","author":"admin9404","date":"21 ao\u00fbt 2018","format":false,"excerpt":"\u00c9COLE ALBERT CAMUS L\u2019\u00e9cole publique du Mazet, vaste et bien \u00e9quip\u00e9e (vid\u00e9o projecteurs, BCD, salle de motricit\u00e9, salle d\u2019art plastique, salle de sieste\u2026), accueille environ 80 enfants dans 4 classes. L\u2019\u00e9quipe de 4 enseignantes est renforc\u00e9e par 2 ATSEM (agents territoriaux des \u00e9coles maternelles) et une EVS (emploi vie scolaire)\u2026","rel":"","context":"Article similaire","block_context":{"text":"Article similaire","link":""},"img":{"alt_text":"","src":"","width":0,"height":0},"classes":[]},{"id":624,"url":"https:\/\/mazet-st-voy.com\/?page_id=624","url_meta":{"origin":622,"position":2},"title":"Centre de Loisirs Intercommunal","author":"admin9404","date":"21 ao\u00fbt 2018","format":false,"excerpt":"\u00a0 CENTRE DE LOISIRS INTERCOMMUNAL Le centre de loisirs intercommunal du Haut-Lignon, antenne du Mazet-Saint-Voy, accueille les enfants de 3 ans \u00e0 12 ans. Nous les accueillons pendant les vacances scolaires \u00e0 la journ\u00e9e avec repas, journ\u00e9e sans repas (matin\/apr\u00e8s-midi) ou \u00e0 la demi-journ\u00e9e. Attention\u00a0: les jours de sortie, l\u2019accueil\u2026","rel":"","context":"Article similaire","block_context":{"text":"Article similaire","link":""},"img":{"alt_text":"","src":"","width":0,"height":0},"classes":[]},{"id":603,"url":"https:\/\/mazet-st-voy.com\/?page_id=603","url_meta":{"origin":622,"position":3},"title":"Biblioth\u00e8que","author":"admin9404","date":"21 ao\u00fbt 2018","format":false,"excerpt":"LA BIBLIOTH\u00c8QUE :\u00a0 La biblioth\u00e8que du Mazet, situ\u00e9e au dessus de la mairie, est ouverte :\u00a0 mercredi : 14 h - 18 h. jeudi : 10 h - 12 h. vendredi : 15 h - 18 h. samedi : 10 h - 12h. T\u00e9l.\u00a0: 04 71 65 09 10 FOND\u2026","rel":"","context":"Article similaire","block_context":{"text":"Article similaire","link":""},"img":{"alt_text":"","src":"https:\/\/i0.wp.com\/mazet-st-voy.com\/wp-content\/uploads\/2018\/12\/Petites-Histoires-Novembre-2018.jpg?resize=350%2C200&ssl=1","width":350,"height":200,"srcset":"https:\/\/i0.wp.com\/mazet-st-voy.com\/wp-content\/uploads\/2018\/12\/Petites-Histoires-Novembre-2018.jpg?resize=350%2C200&ssl=1 1x, https:\/\/i0.wp.com\/mazet-st-voy.com\/wp-content\/uploads\/2018\/12\/Petites-Histoires-Novembre-2018.jpg?resize=525%2C300&ssl=1 1.5x, https:\/\/i0.wp.com\/mazet-st-voy.com\/wp-content\/uploads\/2018\/12\/Petites-Histoires-Novembre-2018.jpg?resize=700%2C400&ssl=1 2x, https:\/\/i0.wp.com\/mazet-st-voy.com\/wp-content\/uploads\/2018\/12\/Petites-Histoires-Novembre-2018.jpg?resize=1050%2C600&ssl=1 3x, https:\/\/i0.wp.com\/mazet-st-voy.com\/wp-content\/uploads\/2018\/12\/Petites-Histoires-Novembre-2018.jpg?resize=1400%2C800&ssl=1 4x"},"classes":[]},{"id":750,"url":"https:\/\/mazet-st-voy.com\/?page_id=750","url_meta":{"origin":622,"position":4},"title":"R\u00e9sidence du Lizieux","author":"admin9404","date":"22 ao\u00fbt 2018","format":false,"excerpt":"LA R\u00c9SIDENCE DU LIZIEUX : La r\u00e9sidence du Lizieux construite en 1999 comporte 10 logements pour personnes \u00e2g\u00e9es, de type T2 et 4 pour les jeunes travailleurs de l\u2019ESAT (3 type T1 bis et 1 de type T6). Le taux d\u2019occupation des logements sociaux approche les 100%. La partie locative\u2026","rel":"","context":"Article similaire","block_context":{"text":"Article similaire","link":""},"img":{"alt_text":"","src":"https:\/\/i0.wp.com\/mazet-st-voy.com\/wp-content\/uploads\/2018\/09\/R%C3%A9sience-du-Lizieux.png?resize=350%2C200&ssl=1","width":350,"height":200,"srcset":"https:\/\/i0.wp.com\/mazet-st-voy.com\/wp-content\/uploads\/2018\/09\/R%C3%A9sience-du-Lizieux.png?resize=350%2C200&ssl=1 1x, https:\/\/i0.wp.com\/mazet-st-voy.com\/wp-content\/uploads\/2018\/09\/R%C3%A9sience-du-Lizieux.png?resize=525%2C300&ssl=1 1.5x, https:\/\/i0.wp.com\/mazet-st-voy.com\/wp-content\/uploads\/2018\/09\/R%C3%A9sience-du-Lizieux.png?resize=700%2C400&ssl=1 2x, https:\/\/i0.wp.com\/mazet-st-voy.com\/wp-content\/uploads\/2018\/09\/R%C3%A9sience-du-Lizieux.png?resize=1050%2C600&ssl=1 3x, https:\/\/i0.wp.com\/mazet-st-voy.com\/wp-content\/uploads\/2018\/09\/R%C3%A9sience-du-Lizieux.png?resize=1400%2C800&ssl=1 4x"},"classes":[]},{"id":1420,"url":"https:\/\/mazet-st-voy.com\/?page_id=1420","url_meta":{"origin":622,"position":5},"title":"Sport","author":"admin9404","date":"31 ao\u00fbt 2018","format":false,"excerpt":"BOULE LYONNAISE\u00a0 Amicale des Boulistes\u00a0- \u00a0Pr\u00e9sident :\u00a0Thierry COURT - La Scie de Vacheresse - 43520 Le Mazet-St-Voy 5 Jeux de plein air au Bruas La boule amicale - Buvette - Tel : 04 71 65 01 13 Boulodrome intercommunal (Ouvert de Novembre \u00e0 Avril) :\u00a04 jeux couverts, Zone artisanale -\u2026","rel":"","context":"Article similaire","block_context":{"text":"Article similaire","link":""},"img":{"alt_text":"","src":"https:\/\/i0.wp.com\/mazet-st-voy.com\/wp-content\/uploads\/2018\/09\/Boulodrome.png?resize=350%2C200&ssl=1","width":350,"height":200,"srcset":"https:\/\/i0.wp.com\/mazet-st-voy.com\/wp-content\/uploads\/2018\/09\/Boulodrome.png?resize=350%2C200&ssl=1 1x, https:\/\/i0.wp.com\/mazet-st-voy.com\/wp-content\/uploads\/2018\/09\/Boulodrome.png?resize=525%2C300&ssl=1 1.5x, https:\/\/i0.wp.com\/mazet-st-voy.com\/wp-content\/uploads\/2018\/09\/Boulodrome.png?resize=700%2C400&ssl=1 2x, https:\/\/i0.wp.com\/mazet-st-voy.com\/wp-content\/uploads\/2018\/09\/Boulodrome.png?resize=1050%2C600&ssl=1 3x, https:\/\/i0.wp.com\/mazet-st-voy.com\/wp-content\/uploads\/2018\/09\/Boulodrome.png?resize=1400%2C800&ssl=1 4x"},"classes":[]}],"_links":{"self":[{"href":"https:\/\/mazet-st-voy.com\/index.php?rest_route=\/wp\/v2\/pages\/622","targetHints":{"allow":["GET"]}}],"collection":[{"href":"https:\/\/mazet-st-voy.com\/index.php?rest_route=\/wp\/v2\/pages"}],"about":[{"href":"https:\/\/mazet-st-voy.com\/index.php?rest_route=\/wp\/v2\/types\/page"}],"author":[{"embeddable":true,"href":"https:\/\/mazet-st-voy.com\/index.php?rest_route=\/wp\/v2\/users\/1"}],"replies":[{"embeddable":true,"href":"https:\/\/mazet-st-voy.com\/index.php?rest_route=%2Fwp%2Fv2%2Fcomments&post=622"}],"version-history":[{"count":17,"href":"https:\/\/mazet-st-voy.com\/index.php?rest_route=\/wp\/v2\/pages\/622\/revisions"}],"predecessor-version":[{"id":1541,"href":"https:\/\/mazet-st-voy.com\/index.php?rest_route=\/wp\/v2\/pages\/622\/revisions\/1541"}],"wp:attachment":[{"href":"https:\/\/mazet-st-voy.com\/index.php?rest_route=%2Fwp%2Fv2%2Fmedia&parent=622"}],"curies":[{"name":"wp","href":"https:\/\/api.w.org\/{rel}","templated":true}]}}