{"id":697,"date":"2018-08-21T23:28:50","date_gmt":"2018-08-21T21:28:50","guid":{"rendered":"https:\/\/mazet-st-voy.com\/?page_id=697"},"modified":"2018-09-06T13:00:38","modified_gmt":"2018-09-06T11:00:38","slug":"politique-de-confidentialite","status":"publish","type":"page","link":"https:\/\/mazet-st-voy.com\/?page_id=697","title":{"rendered":"Mentions l\u00e9gales &#038; Politique de confidentialit\u00e9"},"content":{"rendered":"<h1><span style=\"text-decoration: underline;\"><span style=\"color: #de0966; text-decoration: underline;\">MENTIONS L\u00c9GALES<\/span><\/span><\/h1>\n<div class=\"mentions unblock\">\n<p>Ce site est \u00e9dit\u00e9 par la mairie du Mazet-St-Voy.<\/p>\n<p>Mairie du Mazet-St-Voy<\/p>\n<ul>\n<li>1, Place de la Mairie<\/li>\n<li>43520 le Mazet-St-Voy<\/li>\n<li>Tel. : 04 71 65 01 09<\/li>\n<li>Fax. : 04 71 65 07 38<\/li>\n<li><span style=\"color: #de0966;\"><a style=\"color: #de0966;\" href=\"mailto:mairie@mazet-st-voy.com\">mairie@mazet-st-voy.com<\/a><\/span><\/li>\n<\/ul>\n<p><strong>Directeur de la publication :<\/strong> Bernard COTTE, le Maire<\/p>\n<\/div>\n<div class=\"mentions unblock\">\n<h2><span style=\"color: #de0966;\">CONCEPTION ET H\u00c9B\u00c9RGEMENT DU SITE<\/span><\/h2>\n<p><strong>COM to ME \u2013 Conseil &amp; Accompagnement en communication<\/strong><\/p>\n<ul>\n<li>21, A rue du Nord<\/li>\n<li>69100 Villeurbanne<\/li>\n<li>Tel. : 06 10 58 63 91<\/li>\n<li><a href=\"http:\/\/www.com-to-me.com\/\"><span style=\"color: #de0966;\">www.com-to-me.com<\/span><\/a><\/li>\n<\/ul>\n<p><strong>H\u00c9BERGEUR OVH<\/strong><\/p>\n<ul>\n<li>SAS au capital de 10 069 020 \u20ac<\/li>\n<li>RCS Lille M\u00e9tropole 424 761 419 00045<\/li>\n<li>Code APE 2620Z<\/li>\n<li>N\u00b0 TVA : FR 22 424 761 419<\/li>\n<li>Si\u00e8ge social : 2 rue Kellermann \u2013 59100 Roubaix \u2013 France<\/li>\n<\/ul>\n<\/div>\n<div class=\"mentions unblock\">\n<h2><span style=\"color: #de0966;\">DROITS D\u2019AUTEUR<\/span><\/h2>\n<p style=\"text-align: justify;\">En application du Code Fran\u00e7ais de la Propri\u00e9t\u00e9 Intellectuelle et, plus g\u00e9n\u00e9ralement, des trait\u00e9s et accords internationaux comportant des dispositions relatives \u00e0 la protection des droits d\u2019auteurs, vous vous interdirez, pour un usage autre que priv\u00e9, de reproduire, de vendre, de distribuer, d\u2019\u00e9mettre, de diffuser, d\u2019adapter, de modifier, de publier, et de communiquer int\u00e9gralement ou partiellement, sous quelque forme que ce soit, les donn\u00e9es, la pr\u00e9sentation ou l\u2019organisation du site ou les \u0153uvres prot\u00e9g\u00e9es par le droit d\u2019auteur qui figurent sur le site Web <span style=\"color: #de0966;\">\u201c<a style=\"color: #de0966;\" href=\"https:\/\/www.mazet-st-voy.com\/\">www.mazet-st-voy.com<\/a>\u201d<\/span> sans autorisation \u00e9crite particuli\u00e8re et pr\u00e9alable du d\u00e9tenteur du droit d\u2019auteur attach\u00e9 \u00e0 l\u2019\u0153uvre, \u00e0 la pr\u00e9sentation ou \u00e0 l\u2019organisation du site ou \u00e0 la donn\u00e9e reproduite.<\/p>\n<\/div>\n<div class=\"mentions unblock\">\n<h2><span style=\"color: #de0966;\">CREDITS PHOTOS<\/span><\/h2>\n<p>Christian Paulet, Pierre Such\u00e8re, Julie Royer.<\/p>\n<\/div>\n<div class=\"mentions unblock\">\n<h2><span style=\"color: #de0966;\">DONN\u00c9ES PERSONNELLES<\/span><\/h2>\n<p style=\"text-align: justify;\">Les informations collect\u00e9es (Formulaires cantine et garderie, mails adress\u00e9s \u00e0 la mairie) sont destin\u00e9es uniquement \u00e0 l\u2019usage de la mairie du Mazet-St-Voy. Nous conservons ces donn\u00e9es uniquement le temps n\u00e9cessaire de traiter votre demande. Conform\u00e9ment \u00e0 la loi du 6 janvier 1978, relative \u00e0 l\u2019informatique, aux fichiers et aux libert\u00e9s, vous disposez d\u2019un droit d\u2019acc\u00e8s, de modification, de rectification et de suppression, pour toute information vous concernant en vous adressant \u00e0 :<\/p>\n<p><strong>Mairie du Mazet-St-Voy<\/strong><\/p>\n<ul>\n<li>1, Place de la Mairie<\/li>\n<li>43520 le Mazet-St-Voy<\/li>\n<li>Tel. : 04 71 65 01 09<\/li>\n<li>Fax. : 04 71 65 07 38<\/li>\n<li><a href=\"mailto:mairie@mazet-st-voy.com\"><span style=\"color: #de0966;\">mairie@mazet-st-voy.com<\/span><\/a><\/li>\n<\/ul>\n<\/div>\n<div class=\"mentions unblock\">\n<h2><span style=\"color: #de0966;\">D\u00c9CHARGE DE RESPONSABILIT\u00c9 &amp; LIENS HYPERTEXTES<\/span><\/h2>\n<p style=\"text-align: justify;\">La mairie du Mazet-St-Voy n\u2019est tenue que d\u2019une simple obligation de moyens concernant les informations qu\u2019elle met \u00e0 disposition des personnes qui acc\u00e8dent \u00e0 son site Web. Alors m\u00eame que nous avons effectu\u00e9 toutes les d\u00e9marches pour nous assurer de la fiabilit\u00e9 des informations contenues sur ce site Web, la mairie du Mazet-St-Voy ne peut encourir aucune responsabilit\u00e9 du fait d\u2019erreurs, d\u2019omissions, ou pour les r\u00e9sultats qui pourraient \u00eatre obtenus par l\u2019usage de ces informations. Notamment, l\u2019usage de liens hypertextes peut conduire votre consultation de notre site vers d\u2019autres serveurs pour prendre connaissance de l\u2019information recherch\u00e9e, serveurs sur lesquels la mairie du Mazet-St-Voy n\u2019a aucun contr\u00f4le.<\/p>\n<\/div>\n<h2><span style=\"color: #de0966;\">COOKIES<\/span><\/h2>\n<p>Lors de la consultation de notre site, des cookies sont d\u00e9pos\u00e9s sur votre ordinateur, votre mobile ou votre tablette.<\/p>\n<p style=\"text-align: justify;\">Ces cookies sont trait\u00e9s dans le respect des articles 13 du RGPD (R\u00e8glement g\u00e9n\u00e9rale de protection des donn\u00e9es) et 32 -II de la Loi informatique et libert\u00e9s du 6 janvier 1978 qui posent le principe suivant lequel le stockage d&rsquo;informations sur l&rsquo;\u00e9quipement d&rsquo;un utilisateur ou l&rsquo;acc\u00e8s \u00e0 des informations d\u00e9j\u00e0 stock\u00e9es, ne devaient \u00eatre mis en \u0153uvre qu&rsquo;avec le consentement pr\u00e9alable de l&rsquo;utilisateur, sauf si ces actions sont strictement n\u00e9cessaires au fournisseur pour la d\u00e9livrance d&rsquo;un service express\u00e9ment demand\u00e9 par l&rsquo;abonn\u00e9 ou l&rsquo;utilisateur.<\/p>\n<h4><span style=\"color: #de0966;\">Qu&rsquo;est-ce qu&rsquo;un cookie ?<\/span><\/h4>\n<p style=\"text-align: justify;\">Un cookie est un petit fichier qui est stock\u00e9 par votre navigateur lors de votre premi\u00e8re visite sur un site. Il contient plusieurs donn\u00e9es (nom du serveur qui l&rsquo;a d\u00e9pos\u00e9, un identifiant sous forme de num\u00e9ro unique, \u00e9ventuellement une date d&rsquo;expiration). Une fois install\u00e9s, ils nous permettent de vous reconna\u00eetre \u00e0 chaque visite, et donc de vous faire profiter de toutes les fonctionnalit\u00e9s de notre site. Les cookies ne sont pas des dossiers actifs, et ne peuvent donc pas h\u00e9berger de virus. &nbsp;<\/p>\n<h4><span style=\"color: #de0966;\">Comment notre site utilise les cookies ?<\/span><\/h4>\n<p style=\"text-align: justify;\">Les cookies nous permettent de personnaliser le contenu pr\u00e9sent sur notre site, d&rsquo;offrir des fonctionnalit\u00e9s relatives aux r\u00e9seaux sociaux et d&rsquo;analyser notre trafic. Ils ne sont pas utilis\u00e9s \u00e0 des fins publicitaires.<\/p>\n<p><span style=\"color: #de0966;\"><strong>Afin de rendre les services plus performants, notre site utilise des \u00ab cookies \u00bb&nbsp;:<\/strong><\/span><\/p>\n<p style=\"text-align: justify;\">Pour r\u00e9aliser des statistiques via l&rsquo;outil Google Analytics. Ces cookies fournissent des informations sur la fa\u00e7on dont nos sites sont utilis\u00e9s tout en respectant l&rsquo;anonymat des internautes (nombre de visiteurs, dur\u00e9e moyenne des visites, rubriques et pages les plus consult\u00e9es\u2026). Ils nous permettent d&rsquo;am\u00e9liorer le contenu de nos pages d&rsquo;information et l&rsquo;ergonomie de nos services.<\/p>\n<p style=\"text-align: justify;\">Les traceurs internes de nos sites ne sont pas prorog\u00e9s lors des nouvelles visites.<\/p>\n<h4><span style=\"color: #de0966;\">Comment refuser un cookie par l&rsquo;interm\u00e9diaire de votre logiciel de navigation ?<\/span><\/h4>\n<p style=\"text-align: justify;\">Lors de votre premi\u00e8re visite sur <span style=\"color: #de0966;\">www.mazet-st-voy.com<\/span>, un bandeau vous informe de la pr\u00e9sence de ces cookies et vous invite \u00e0 indiquer votre choix. Ils ne sont d\u00e9pos\u00e9s que si vous les acceptez ou que vous poursuivez votre navigation sur le site en visitant une seconde page de <span style=\"color: #de0966;\">www.mazet-st-voy.com.<\/span><\/p>\n<p style=\"text-align: justify;\">Les cookies sont g\u00e9r\u00e9s par votre navigateur internet. Vous pouvez \u00e0 tout moment choisir de d\u00e9sactiver tout ou partie des cookies. Votre navigateur peut \u00e9galement \u00eatre param\u00e9tr\u00e9 pour vous signaler les cookies d\u00e9pos\u00e9s dans votre terminal et demander de les accepter ou non (au cas par cas ou en totalit\u00e9).<\/p>\n<p style=\"text-align: justify;\">Pour savoir comment proc\u00e9der, consultez les liens ci-dessous en fonction de votre type de navigateur :<\/p>\n<ul>\n<li><span style=\"color: #de0966;\"><a style=\"color: #de0966;\" title=\"Firefox\" href=\"https:\/\/support.mozilla.org\/fr\/kb\/activer-desactiver-cookies-preferences?redirectlocale=fr&amp;redirectslug=activer-desactiver-cookies\" target=\"_blank\" rel=\"noopener\">Firefox<\/a><\/span><\/li>\n<li><span style=\"color: #de0966;\"><a style=\"color: #de0966;\" title=\"Chrome\" href=\"https:\/\/support.google.com\/chrome\/answer\/95647?hl=fr\" target=\"_blank\" rel=\"noopener\">Chrome<\/a><\/span><\/li>\n<li><span style=\"color: #de0966;\"><a style=\"color: #de0966;\" title=\"Explorer\" href=\"https:\/\/support.microsoft.com\/fr-fr\/help\/17442\/windows-internet-explorer-delete-manage-cookies#ie=ie-9\" target=\"_blank\" rel=\"noopener\">Explorer<\/a><\/span><\/li>\n<li><span style=\"color: #de0966;\"><a style=\"color: #de0966;\" title=\"Safari\" href=\"https:\/\/support.apple.com\/kb\/PH17191?locale=fr_FR&amp;viewlocale=fr_FR\" target=\"_blank\" rel=\"noopener\">Safari<\/a><\/span><\/li>\n<li><span style=\"color: #de0966;\"><a style=\"color: #de0966;\" title=\"Op\u00e9ra\" href=\"http:\/\/help.opera.com\/Windows\/10.20\/fr\/cookies.html\" target=\"_blank\" rel=\"noopener\">Opera<\/a><\/span><\/li>\n<li><span style=\"color: #de0966;\"><a style=\"color: #de0966;\" title=\"IOS\" href=\"https:\/\/support.apple.com\/fr-fr\/HT201265\" target=\"_blank\" rel=\"noopener\">iOS<\/a><\/span><\/li>\n<li><span style=\"color: #de0966;\"><a style=\"color: #de0966;\" title=\"Andro\u00efd\" href=\"https:\/\/www.wikihow.com\/Disable-Cookies#Android_Devices\" target=\"_blank\" rel=\"noopener\">Andro\u00efd<\/a><\/span><\/li>\n<li><span style=\"color: #de0966;\"><a style=\"color: #de0966;\" title=\"Blackberry\" href=\"https:\/\/global.blackberry.com\/fr\/legal\/cookies\" target=\"_blank\" rel=\"noopener\">Blackberry<\/a><\/span><\/li>\n<li><span style=\"color: #de0966;\"><a style=\"color: #de0966;\" title=\"Windows phone\" href=\"https:\/\/support.microsoft.com\/fr-fr\/help\/11696\/windows-phone-7\" target=\"_blank\" rel=\"noopener\">Windows Phone<\/a><\/span><\/li>\n<\/ul>\n<p style=\"text-align: justify;\">La d\u00e9sactivation des cookies risque de vous emp\u00eacher d&rsquo;utiliser certaines fonctionnalit\u00e9s de notre site.<\/p>\n<h4 style=\"text-align: center;\"><span style=\"color: #de0966;\"><strong>Plus d&rsquo;informations sur les cookies<\/strong><\/span><\/h4>\n<p style=\"text-align: center;\"><span style=\"color: #de0966;\"><a style=\"color: #de0966;\" title=\"Consultez le site de la CNIL\" href=\"https:\/\/www.cnil.fr\/fr\/cookies-les-outils-pour-les-maitriser\" target=\"_blank\" rel=\"noopener\">Le site de la Commission nationale de l&rsquo;informatique et des libert\u00e9s<\/a><\/span><\/p>\n","protected":false},"excerpt":{"rendered":"<p>MENTIONS L\u00c9GALES Ce site est \u00e9dit\u00e9 par la mairie du Mazet-St-Voy. Mairie du Mazet-St-Voy 1, Place de la Mairie 43520 le Mazet-St-Voy Tel. : 04 71 65 01 09 Fax. : 04 71 65 07 38 mairie@mazet-st-voy.com Directeur de la publication : Bernard COTTE, le Maire CONCEPTION ET H\u00c9B\u00c9RGEMENT DU SITE COM to ME \u2013 [&hellip;]<\/p>\n","protected":false},"author":1,"featured_media":0,"parent":0,"menu_order":0,"comment_status":"closed","ping_status":"closed","template":"","meta":{"ngg_post_thumbnail":0,"footnotes":""},"class_list":["post-697","page","type-page","status-publish","hentry","entry"],"aioseo_notices":[],"jetpack_shortlink":"https:\/\/wp.me\/PadW9w-bf","jetpack_sharing_enabled":true,"jetpack-related-posts":[{"id":22,"url":"https:\/\/mazet-st-voy.com\/?page_id=22","url_meta":{"origin":697,"position":0},"title":"\u00c9conomie","author":"admin9404","date":"16 ao\u00fbt 2018","format":false,"excerpt":"L'\u00c9CONOMIE Bien qu'elle conserve son caract\u00e8re rural dans un cadre naturel pr\u00e9serv\u00e9, la Commune du Mazet poss\u00e8de une \u00e9conomie diversifi\u00e9e. Autrefois essentiellement agricole, l'activit\u00e9 couvre d\u00e9sormais plusieurs domaines qui alimentent l'emploi local. \u00c0 elles seules, trois entreprises, de m\u00e9canique g\u00e9n\u00e9rale, d'\u00e9lectronique et de construction bois comptent pr\u00e8s de cent collaborateurs.\u2026","rel":"","context":"Article similaire","block_context":{"text":"Article similaire","link":""},"img":{"alt_text":"","src":"https:\/\/i0.wp.com\/mazet-st-voy.com\/wp-content\/uploads\/2023\/04\/garage-LB-scaled.jpg?resize=350%2C200&ssl=1","width":350,"height":200,"srcset":"https:\/\/i0.wp.com\/mazet-st-voy.com\/wp-content\/uploads\/2023\/04\/garage-LB-scaled.jpg?resize=350%2C200&ssl=1 1x, https:\/\/i0.wp.com\/mazet-st-voy.com\/wp-content\/uploads\/2023\/04\/garage-LB-scaled.jpg?resize=525%2C300&ssl=1 1.5x, https:\/\/i0.wp.com\/mazet-st-voy.com\/wp-content\/uploads\/2023\/04\/garage-LB-scaled.jpg?resize=700%2C400&ssl=1 2x, https:\/\/i0.wp.com\/mazet-st-voy.com\/wp-content\/uploads\/2023\/04\/garage-LB-scaled.jpg?resize=1050%2C600&ssl=1 3x, https:\/\/i0.wp.com\/mazet-st-voy.com\/wp-content\/uploads\/2023\/04\/garage-LB-scaled.jpg?resize=1400%2C800&ssl=1 4x"},"classes":[]},{"id":613,"url":"https:\/\/mazet-st-voy.com\/?page_id=613","url_meta":{"origin":697,"position":1},"title":"Associations","author":"admin9404","date":"21 ao\u00fbt 2018","format":false,"excerpt":"LE COMIT\u00c9 D'ANIMATION Responsable :\u00a0 La vie associative du Mazet-St-Voy est riche et ultra dynamique. Durant toute l'ann\u00e9e, les associations locales organisent des animations vari\u00e9es : concerts, expositions, repas festifs, spectacles, manifestations sportives... ANIMATIONS R\u00c9GULI\u00c8RES :\u00a0 La Foire du Terroir :\u00a0le premier week-end d'ao\u00fbt, organis\u00e9e par le Comit\u00e9 d'animation. La\u2026","rel":"","context":"Article similaire","block_context":{"text":"Article similaire","link":""},"img":{"alt_text":"","src":"https:\/\/i0.wp.com\/mazet-st-voy.com\/wp-content\/uploads\/2018\/08\/vie-associative-mazet-st-voy.png?resize=350%2C200&ssl=1","width":350,"height":200,"srcset":"https:\/\/i0.wp.com\/mazet-st-voy.com\/wp-content\/uploads\/2018\/08\/vie-associative-mazet-st-voy.png?resize=350%2C200&ssl=1 1x, https:\/\/i0.wp.com\/mazet-st-voy.com\/wp-content\/uploads\/2018\/08\/vie-associative-mazet-st-voy.png?resize=525%2C300&ssl=1 1.5x, https:\/\/i0.wp.com\/mazet-st-voy.com\/wp-content\/uploads\/2018\/08\/vie-associative-mazet-st-voy.png?resize=700%2C400&ssl=1 2x, https:\/\/i0.wp.com\/mazet-st-voy.com\/wp-content\/uploads\/2018\/08\/vie-associative-mazet-st-voy.png?resize=1050%2C600&ssl=1 3x, https:\/\/i0.wp.com\/mazet-st-voy.com\/wp-content\/uploads\/2018\/08\/vie-associative-mazet-st-voy.png?resize=1400%2C800&ssl=1 4x"},"classes":[]},{"id":707,"url":"https:\/\/mazet-st-voy.com\/?page_id=707","url_meta":{"origin":697,"position":2},"title":"Vie pratique \/ N\u00b0 utiles","author":"admin9404","date":"22 ao\u00fbt 2018","format":false,"excerpt":"VIE PRATIQUE \/ N\u00b0 UTILES Office du Tourisme : 04 71\u00a065 07 32 lemazet@ot-hautlignon.com \u00a0 \u00a0www.ot-hautlignon.com Biblioth\u00e8que municipale : \u00a0 \u00a0 \u00a0 \u00a0\u00a0 04 71 65 09 10 mercredi : \u00a014 h - 18 h. jeudi : \u00a010 h - 12 h. vendredi : 15 h - 18 h. samedi\u2026","rel":"","context":"Article similaire","block_context":{"text":"Article similaire","link":""},"img":{"alt_text":"","src":"","width":0,"height":0},"classes":[]},{"id":1420,"url":"https:\/\/mazet-st-voy.com\/?page_id=1420","url_meta":{"origin":697,"position":3},"title":"Sport","author":"admin9404","date":"31 ao\u00fbt 2018","format":false,"excerpt":"BOULE LYONNAISE\u00a0 Amicale des Boulistes\u00a0- \u00a0Pr\u00e9sident :\u00a0Thierry COURT - La Scie de Vacheresse - 43520 Le Mazet-St-Voy 5 Jeux de plein air au Bruas La boule amicale - Buvette - Tel : 04 71 65 01 13 Boulodrome intercommunal (Ouvert de Novembre \u00e0 Avril) :\u00a04 jeux couverts, Zone artisanale -\u2026","rel":"","context":"Article similaire","block_context":{"text":"Article similaire","link":""},"img":{"alt_text":"","src":"https:\/\/i0.wp.com\/mazet-st-voy.com\/wp-content\/uploads\/2018\/09\/Boulodrome.png?resize=350%2C200&ssl=1","width":350,"height":200,"srcset":"https:\/\/i0.wp.com\/mazet-st-voy.com\/wp-content\/uploads\/2018\/09\/Boulodrome.png?resize=350%2C200&ssl=1 1x, https:\/\/i0.wp.com\/mazet-st-voy.com\/wp-content\/uploads\/2018\/09\/Boulodrome.png?resize=525%2C300&ssl=1 1.5x, https:\/\/i0.wp.com\/mazet-st-voy.com\/wp-content\/uploads\/2018\/09\/Boulodrome.png?resize=700%2C400&ssl=1 2x, https:\/\/i0.wp.com\/mazet-st-voy.com\/wp-content\/uploads\/2018\/09\/Boulodrome.png?resize=1050%2C600&ssl=1 3x, https:\/\/i0.wp.com\/mazet-st-voy.com\/wp-content\/uploads\/2018\/09\/Boulodrome.png?resize=1400%2C800&ssl=1 4x"},"classes":[]},{"id":603,"url":"https:\/\/mazet-st-voy.com\/?page_id=603","url_meta":{"origin":697,"position":4},"title":"Biblioth\u00e8que","author":"admin9404","date":"21 ao\u00fbt 2018","format":false,"excerpt":"LA BIBLIOTH\u00c8QUE :\u00a0 La biblioth\u00e8que du Mazet, situ\u00e9e au dessus de la mairie, est ouverte :\u00a0 mercredi : 14 h - 18 h. jeudi : 10 h - 12 h. vendredi : 15 h - 18 h. samedi : 10 h - 12h. T\u00e9l.\u00a0: 04 71 65 09 10 FOND\u2026","rel":"","context":"Article similaire","block_context":{"text":"Article similaire","link":""},"img":{"alt_text":"","src":"https:\/\/i0.wp.com\/mazet-st-voy.com\/wp-content\/uploads\/2018\/12\/Petites-Histoires-Novembre-2018.jpg?resize=350%2C200&ssl=1","width":350,"height":200,"srcset":"https:\/\/i0.wp.com\/mazet-st-voy.com\/wp-content\/uploads\/2018\/12\/Petites-Histoires-Novembre-2018.jpg?resize=350%2C200&ssl=1 1x, https:\/\/i0.wp.com\/mazet-st-voy.com\/wp-content\/uploads\/2018\/12\/Petites-Histoires-Novembre-2018.jpg?resize=525%2C300&ssl=1 1.5x, https:\/\/i0.wp.com\/mazet-st-voy.com\/wp-content\/uploads\/2018\/12\/Petites-Histoires-Novembre-2018.jpg?resize=700%2C400&ssl=1 2x, https:\/\/i0.wp.com\/mazet-st-voy.com\/wp-content\/uploads\/2018\/12\/Petites-Histoires-Novembre-2018.jpg?resize=1050%2C600&ssl=1 3x, https:\/\/i0.wp.com\/mazet-st-voy.com\/wp-content\/uploads\/2018\/12\/Petites-Histoires-Novembre-2018.jpg?resize=1400%2C800&ssl=1 4x"},"classes":[]},{"id":12,"url":"https:\/\/mazet-st-voy.com\/?page_id=12","url_meta":{"origin":697,"position":5},"title":"Agriculture","author":"admin9404","date":"16 ao\u00fbt 2018","format":false,"excerpt":"L'AGRICULTURE D'une production essentiellement laiti\u00e8re, l'activit\u00e9 agricole, encore bien vivante dans notre commune de 4502 hectares, a \u00e9volu\u00e9 pour adapter son offre \u00e0 la demande des consommateurs.\u00a0 Les exploitations se sont tourn\u00e9es vers la production de viande, de fruits rouges, de miel, de l\u00e9gumes.\u00a0 Quelques unes pratiquent la vente directe.\u2026","rel":"","context":"Article similaire","block_context":{"text":"Article similaire","link":""},"img":{"alt_text":"Rucher de St Voy","src":"https:\/\/i0.wp.com\/mazet-st-voy.com\/wp-content\/uploads\/2023\/05\/IMG-20230313-WA0005-copie.jpg?resize=350%2C200&ssl=1","width":350,"height":200,"srcset":"https:\/\/i0.wp.com\/mazet-st-voy.com\/wp-content\/uploads\/2023\/05\/IMG-20230313-WA0005-copie.jpg?resize=350%2C200&ssl=1 1x, https:\/\/i0.wp.com\/mazet-st-voy.com\/wp-content\/uploads\/2023\/05\/IMG-20230313-WA0005-copie.jpg?resize=525%2C300&ssl=1 1.5x, https:\/\/i0.wp.com\/mazet-st-voy.com\/wp-content\/uploads\/2023\/05\/IMG-20230313-WA0005-copie.jpg?resize=700%2C400&ssl=1 2x"},"classes":[]}],"_links":{"self":[{"href":"https:\/\/mazet-st-voy.com\/index.php?rest_route=\/wp\/v2\/pages\/697","targetHints":{"allow":["GET"]}}],"collection":[{"href":"https:\/\/mazet-st-voy.com\/index.php?rest_route=\/wp\/v2\/pages"}],"about":[{"href":"https:\/\/mazet-st-voy.com\/index.php?rest_route=\/wp\/v2\/types\/page"}],"author":[{"embeddable":true,"href":"https:\/\/mazet-st-voy.com\/index.php?rest_route=\/wp\/v2\/users\/1"}],"replies":[{"embeddable":true,"href":"https:\/\/mazet-st-voy.com\/index.php?rest_route=%2Fwp%2Fv2%2Fcomments&post=697"}],"version-history":[{"count":8,"href":"https:\/\/mazet-st-voy.com\/index.php?rest_route=\/wp\/v2\/pages\/697\/revisions"}],"predecessor-version":[{"id":1869,"href":"https:\/\/mazet-st-voy.com\/index.php?rest_route=\/wp\/v2\/pages\/697\/revisions\/1869"}],"wp:attachment":[{"href":"https:\/\/mazet-st-voy.com\/index.php?rest_route=%2Fwp%2Fv2%2Fmedia&parent=697"}],"curies":[{"name":"wp","href":"https:\/\/api.w.org\/{rel}","templated":true}]}}